{"id":58,"date":"2018-05-09T21:55:45","date_gmt":"2018-05-09T19:55:45","guid":{"rendered":"https:\/\/www.grazmuseum.at\/stadtarchiv\/?page_id=58"},"modified":"2025-08-29T08:49:48","modified_gmt":"2025-08-29T06:49:48","slug":"publikationen","status":"publish","type":"page","link":"https:\/\/www.grazmuseum.at\/stadtarchiv\/publikationen\/","title":{"rendered":"Publikationen"},"content":{"rendered":"\n<h1 class=\"wp-block-heading\">Publikationen<\/h1>\n\n\n\n<div style=\"height:40px\" aria-hidden=\"true\" class=\"wp-block-spacer\"><\/div>\n\n\n\n<p>Seit 2014 ist die Stadtmuseum Graz GmbH f\u00fcr die Herausgabe des seit 1968 erscheinenden Historischen Jahrbuches der Stadt Graz zust\u00e4ndig. Die inhaltliche Verantwortung haben mit 2016 neben den bisherigen Herausgebern Nikolaus Reisinger und Friedrich Bouvier auch Karin Schmidlechner und Wolfram Dornik \u00fcbernommen. Seit dem Band 45\/46 (2016) erscheint das Jahrbuch in gedruckter Form beim <a href=\"http:\/\/www.leykamverlag.at\">Leykam Verlag<\/a> und drei Monate nach der Pr\u00e4sentation online als Open-Access-Publikation <a href=\"http:\/\/unipub.uni-graz.at\/obvugrhjsg\/\">unipub<\/a> auf der dementsprechenden Plattform der <a href=\"https:\/\/www.uni-graz.at\/\">Universit\u00e4t Graz<\/a>.<\/p>\n\n\n\n<p>Dar\u00fcber hinaus vereint die Graz Biografie die neuesten Forschungsergebnisse zur Geschichte der Stadt Graz.<\/p>\n\n\n\n<div style=\"height:60px\" aria-hidden=\"true\" class=\"wp-block-spacer\"><\/div>\n\n\n\n\n\n<section class=\"trnc-grid-2col\">\n    <div class=\"grid grid-cols-1 sm:grid-cols-2 gap-x-16 gap-y-12 pb-12 pt-4\">\n                <div class=\"flex flex-col justify-between\">\n            <div>\n                <h2 class=\"!mb-8\">\n                    Demokratisierung in Graz seit 1945 &#8211; Anspruch und Realit\u00e4t                <\/h2>\n\n                                <figure class=\"wp-block-image  mb-8\">\n                    <img loading=\"lazy\" decoding=\"async\" width=\"1024\" height=\"576\" src=\"https:\/\/www.grazmuseum.at\/stadtarchiv\/wp-content\/uploads\/sites\/2\/2025\/06\/Foto_HJB_2025-1024x576.jpg\" class=\"w-full aspect-[1.8\/1] object-cover\" alt=\"Foto: Marija Kani\u017eaj\" srcset=\"https:\/\/www.grazmuseum.at\/stadtarchiv\/wp-content\/uploads\/sites\/2\/2025\/06\/Foto_HJB_2025-1024x576.jpg 1024w, https:\/\/www.grazmuseum.at\/stadtarchiv\/wp-content\/uploads\/sites\/2\/2025\/06\/Foto_HJB_2025-300x169.jpg 300w, https:\/\/www.grazmuseum.at\/stadtarchiv\/wp-content\/uploads\/sites\/2\/2025\/06\/Foto_HJB_2025-768x432.jpg 768w, https:\/\/www.grazmuseum.at\/stadtarchiv\/wp-content\/uploads\/sites\/2\/2025\/06\/Foto_HJB_2025.jpg 1482w\" sizes=\"auto, (max-width: 1024px) 100vw, 1024px\" \/>                    <figcaption>\n                        Foto: Marija Kani\u017eaj                    <\/figcaption>\n                <\/figure>\n                \n                <p>\n                    <p><strong>Historisches Jahrbuch der Stadt Graz 2025, Band 53\/54<\/strong><\/p>\n<p>Wie baut man eine Demokratie nach einer Diktatur? Aus welchen Elementen besteht \u00fcberhaupt eine Demokratie? Welche Rolle spielen etwa die Zivilgesellschaft, die Universit\u00e4ten oder kommunale Strukturen? Der Doppelband Nr. 53\/54 widmet sich verschiedenen Aspekten der Entwicklung der Demokratie in Graz seit 1945.<br \/>\nDen Abschluss des Bandes bilden einige neue Perspektiven auf die Grazer Stadtgeschichte, unter anderem zum Stadtrichterbild des Niclas Strobl, ukrainische Studierende an der Grazer Universit\u00e4t und den Luftschutzanlagen des Zweiten Weltkrieges im Grazer Westen.<\/p>\n                <\/p>\n            <\/div>\n            <div class=\"mt-8\">\n                            <\/div>\n        <\/div>\n                <div class=\"flex flex-col justify-between\">\n            <div>\n                <h2 class=\"!mb-8\">\n                    Graz Biografie &#8211; Geschichte einer Stadt                <\/h2>\n\n                                <figure class=\"wp-block-image  mb-8\">\n                    <img loading=\"lazy\" decoding=\"async\" width=\"1024\" height=\"682\" src=\"https:\/\/www.grazmuseum.at\/stadtarchiv\/wp-content\/uploads\/sites\/2\/2024\/01\/PraesentationGrazBiografie004_kl-1024x682.jpg\" class=\"w-full aspect-[1.8\/1] object-cover\" alt=\"Auf einem dunkelbraunen Holzpult sind zwei exemplare de Buches Graz Biografie nebeneinander aufgestellt.\" srcset=\"https:\/\/www.grazmuseum.at\/stadtarchiv\/wp-content\/uploads\/sites\/2\/2024\/01\/PraesentationGrazBiografie004_kl-1024x682.jpg 1024w, https:\/\/www.grazmuseum.at\/stadtarchiv\/wp-content\/uploads\/sites\/2\/2024\/01\/PraesentationGrazBiografie004_kl-300x200.jpg 300w, https:\/\/www.grazmuseum.at\/stadtarchiv\/wp-content\/uploads\/sites\/2\/2024\/01\/PraesentationGrazBiografie004_kl-768x512.jpg 768w, https:\/\/www.grazmuseum.at\/stadtarchiv\/wp-content\/uploads\/sites\/2\/2024\/01\/PraesentationGrazBiografie004_kl-1536x1023.jpg 1536w, https:\/\/www.grazmuseum.at\/stadtarchiv\/wp-content\/uploads\/sites\/2\/2024\/01\/PraesentationGrazBiografie004_kl.jpg 1732w\" sizes=\"auto, (max-width: 1024px) 100vw, 1024px\" \/>                    <figcaption>\n                        Foto: Foto Fischer                    <\/figcaption>\n                <\/figure>\n                \n                <p>\n                    <p>Die Geschichte der Stadt und der Menschen in kompakter und reich illustrierter Form.<br \/>\nDie Autoren erz\u00e4hlen die Geschichte von Graz und seinen Menschen von ca. 5000 v.Chr. bis in die Gegenwart. Im 12. Jahrhundert zur Stadt geworden, bauten italienische Festungsmeister Graz als \u00e4u\u00dfersten Vorposten des \u201eHeiligen R\u00f6mischen Reiches\u201c gegen das Osmanische Reich aus. Diese und andere Einfl\u00fcsse pr\u00e4gen die zum UNESCO-Weltkulturerbe geh\u00f6rende Altstadt. Lange sahen sich die Stadtv\u00e4ter als Vertreter der \u201edeutschesten Stadt\u201c der Habsburgermonarchie. 1938 war Graz nationalsozialistisch, noch bevor Hitlers Truppen in \u00d6sterreich einmarschierten. Nach 1945 mussten sich die Grazer*innen neu erfinden: Industrie, Kultur und Wissenschaft bilden heute die Markenzeichen. Wie kam es dazu? Ein reich bebildertes Lesebuch, das die aktuellsten Forschungsergebnisse zusammenfasst.<\/p>\n<p>Das Buch ist an der Kassa des Graz Museums und des Graz Museums Schlossberg sowie bei Buchhandlung Moser und online beim Residenz Verlag erh\u00e4ltlich.<\/p>\n<p>Graz Biografie \u2013 Geschichte einer Stadt<br \/>\nWolfram Dornik, Otto Hochreiter, Georg Tiefengraber<br \/>\nHardcover, 536 Seiten<br \/>\nResidenz Verlag<br \/>\nISBN: 9783701735747<br \/>\nPreis: 30 Euro<\/p>\n                <\/p>\n            <\/div>\n            <div class=\"mt-8\">\n                            <\/div>\n        <\/div>\n            <\/div>\n<\/section>\n\n\n\n\n\n<section class=\"trnc-grid-2col\">\n    <div class=\"grid grid-cols-1 sm:grid-cols-2 gap-x-16 gap-y-12 pb-12 pt-4\">\n                <div class=\"flex flex-col justify-between\">\n            <div>\n                <h2 class=\"!mb-8\">\n                    Umwelt &#8211; Geschichte &#8211; Graz                <\/h2>\n\n                                <figure class=\"wp-block-image  mb-8\">\n                    <img loading=\"lazy\" decoding=\"async\" width=\"400\" height=\"600\" src=\"https:\/\/www.grazmuseum.at\/stadtarchiv\/wp-content\/uploads\/sites\/2\/2024\/02\/Cover_HJB_Umwelt_400x600.jpg\" class=\"w-full aspect-[1.8\/1] object-cover\" alt=\"Cover_HJB_Umwelt_400x600\" srcset=\"https:\/\/www.grazmuseum.at\/stadtarchiv\/wp-content\/uploads\/sites\/2\/2024\/02\/Cover_HJB_Umwelt_400x600.jpg 400w, https:\/\/www.grazmuseum.at\/stadtarchiv\/wp-content\/uploads\/sites\/2\/2024\/02\/Cover_HJB_Umwelt_400x600-200x300.jpg 200w\" sizes=\"auto, (max-width: 400px) 100vw, 400px\" \/>                    <figcaption>\n                                            <\/figcaption>\n                <\/figure>\n                \n                <p>\n                    <p><strong>Historisches Jahrbuch der Stadt Graz 2023, Band 52<\/strong><\/p>\n<p>Welche Auswirkungen haben die st\u00e4dtischen Gegebenheiten auf das Zusammenleben in Graz? Wie haben sich der Verlauf, die Wasserqualit\u00e4t und der Lebensraum der Gew\u00e4sser ver\u00e4ndert? Wie wurde mit M\u00fcll, Abwasser oder Abluft der Bewohner*innen im traditionell beengten Stadtraum umgegangen? Welche Auswirkungen hat die zunehmende Fl\u00e4chenversiegelung auf die Lebensrealit\u00e4t der Menschen, aber auch auf die Flora und Fauna im Stadtgebiet? Wie gestaltet sich der globale Klimawandel im Mikroklima von Graz? Dies sind nur einige Fragen, die Autor*innen aus verschiedenen Fachdisziplinen thematisieren. Gleichzeitig widmet sich erstmals ein Band des Historischen Jahrbuches der Stadt Graz der Grazer Umweltgeschichte. Den Abschluss des Bandes bilden einige neue Perspektiven auf die Grazer Stadtgeschichte, unter anderem zur Villa Hartenau, aber auch zur Integration der deutschsprachigen Fl\u00fcchtlinge aus S\u00fcdosteuropa nach 1945 in Graz.<\/p>\n                <\/p>\n            <\/div>\n            <div class=\"mt-8\">\n                                <a href=\"https:\/\/unipub.uni-graz.at\/obvugrhjsg\/periodical\/titleinfo\/9161060\" class=\"trnc-button font-medium !no-underline text-p-large\">\n                    More                <\/a>\n                            <\/div>\n        <\/div>\n                <div class=\"flex flex-col justify-between\">\n            <div>\n                <h2 class=\"!mb-8\">\n                    Migrationsraum Graz                <\/h2>\n\n                                <figure class=\"wp-block-image  mb-8\">\n                    <img loading=\"lazy\" decoding=\"async\" width=\"400\" height=\"600\" src=\"https:\/\/www.grazmuseum.at\/stadtarchiv\/wp-content\/uploads\/sites\/2\/2024\/02\/HJB_Migration_400x600.jpg\" class=\"w-full aspect-[1.8\/1] object-cover\" alt=\"Image\" srcset=\"https:\/\/www.grazmuseum.at\/stadtarchiv\/wp-content\/uploads\/sites\/2\/2024\/02\/HJB_Migration_400x600.jpg 400w, https:\/\/www.grazmuseum.at\/stadtarchiv\/wp-content\/uploads\/sites\/2\/2024\/02\/HJB_Migration_400x600-200x300.jpg 200w\" sizes=\"auto, (max-width: 400px) 100vw, 400px\" \/>                    <figcaption>\n                                            <\/figcaption>\n                <\/figure>\n                \n                <p>\n                    <p><strong>Historisches Jahrbuch der Stadt Graz 2021, Band 51<\/strong><\/p>\n<p>Weil die Migrationsthematik besonders in den letzten Jahren global, aber auch national und lokal \u2013 und auch in Graz \u2013 an Bedeutung gewonnen hat, ist der Band 51 des Historischen Jahrbuches der Stadt Graz dem Thema \u201cMigrationsraum Graz\u201d gewidmet. Dabei wurden eine m\u00f6glichst breite Abdeckung des Themas und die Ber\u00fccksichtigung der Vielfalt von Migrationen angestrebt. Neben Er\u00f6rterungen, in welchen Migrationen prim\u00e4r als gegenw\u00e4rtige Ph\u00e4nomene betrachtet werden, finden sich daher auch Beitr\u00e4ge, die sich mit der historischen Dimension von Migration auseinandersetzen, sowie solche, die sich mit den Lebensbedingungen und Integrationsm\u00f6glichkeiten von Migrant*innen \u2013 auch aus deren pers\u00f6nlichen Sicht \u2013 besch\u00e4ftigen. Aber auch die Perspektiven der Aufnahmegesellschaft sowie die Verortung von Migration im kollektiven Ged\u00e4chtnis der Stadt werden dargestellt.<\/p>\n                <\/p>\n            <\/div>\n            <div class=\"mt-8\">\n                                <a href=\"https:\/\/unipub.uni-graz.at\/obvugrhjsg\/periodical\/titleinfo\/7642958\" class=\"trnc-button font-medium !no-underline text-p-large\">\n                    More                <\/a>\n                            <\/div>\n        <\/div>\n            <\/div>\n<\/section>\n\n\n\n<div style=\"height:100px\" aria-hidden=\"true\" class=\"wp-block-spacer\"><\/div>\n\n\n\n\n\n<section class=\"trnc-grid-2col\">\n    <div class=\"grid grid-cols-1 sm:grid-cols-2 gap-x-16 gap-y-12 pb-12 pt-4\">\n                <div class=\"flex flex-col justify-between\">\n            <div>\n                <h2 class=\"!mb-8\">\n                    Der Grazer Schlo\u00dfberg                <\/h2>\n\n                                <figure class=\"wp-block-image  mb-8\">\n                    <img loading=\"lazy\" decoding=\"async\" width=\"400\" height=\"600\" src=\"https:\/\/www.grazmuseum.at\/stadtarchiv\/wp-content\/uploads\/sites\/2\/2024\/02\/HJB_400x600_color-1.jpg\" class=\"w-full aspect-[1.8\/1] object-cover\" alt=\"Image\" srcset=\"https:\/\/www.grazmuseum.at\/stadtarchiv\/wp-content\/uploads\/sites\/2\/2024\/02\/HJB_400x600_color-1.jpg 400w, https:\/\/www.grazmuseum.at\/stadtarchiv\/wp-content\/uploads\/sites\/2\/2024\/02\/HJB_400x600_color-1-200x300.jpg 200w\" sizes=\"auto, (max-width: 400px) 100vw, 400px\" \/>                    <figcaption>\n                                            <\/figcaption>\n                <\/figure>\n                \n                <p>\n                    <p><strong>Historisches Jahrbuch der Stadt Graz 2020, Band 49\/50<\/strong><\/p>\n<p>Der Grazer Schlo\u00dfberg stellt seit dem ausgehenden 19. Jahrhundert das identit\u00e4tsstiftende Symbol der Stadt schlechthin dar.<br \/>\nDie Er\u00f6ffnung des neuen Museums am Schlo\u00dfberg 2020 veranlasste die Herausgeberin und die Herausgeber des Historischen Jahrbuchs der Stadt Graz, neuere Forschungsarbeiten interessierten Leserinnen und Lesern zug\u00e4nglich zu machen.<br \/>\nDamit sollen neue Perspektiven aus die Geschichte des Schlo\u00dfberges erm\u00f6glicht und so die Grazerinnen und Grazer zu einer vielseitigen Auseinandersetzung mit \u201cIhrem\u201d Schlo\u00dfberg eingeladen werden.<\/p>\n                <\/p>\n            <\/div>\n            <div class=\"mt-8\">\n                                <a href=\"https:\/\/unipub.uni-graz.at\/obvugrhjsg\" class=\"trnc-button font-medium !no-underline text-p-large\">\n                    More                <\/a>\n                            <\/div>\n        <\/div>\n                <div class=\"flex flex-col justify-between\">\n            <div>\n                <h2 class=\"!mb-8\">\n                    Graz 1918-1938                <\/h2>\n\n                                <figure class=\"wp-block-image  mb-8\">\n                    <img loading=\"lazy\" decoding=\"async\" width=\"400\" height=\"600\" src=\"https:\/\/www.grazmuseum.at\/stadtarchiv\/wp-content\/uploads\/sites\/2\/2024\/02\/Cover_Historisches-Jahrbuch-2018_400x600.png\" class=\"w-full aspect-[1.8\/1] object-cover\" alt=\"Image\" srcset=\"https:\/\/www.grazmuseum.at\/stadtarchiv\/wp-content\/uploads\/sites\/2\/2024\/02\/Cover_Historisches-Jahrbuch-2018_400x600.png 400w, https:\/\/www.grazmuseum.at\/stadtarchiv\/wp-content\/uploads\/sites\/2\/2024\/02\/Cover_Historisches-Jahrbuch-2018_400x600-200x300.png 200w\" sizes=\"auto, (max-width: 400px) 100vw, 400px\" \/>                    <figcaption>\n                                            <\/figcaption>\n                <\/figure>\n                \n                <p>\n                    <p><strong>Historisches Jahrbuch der Stadt Graz 2018, Band 48<\/strong><\/p>\n<p>Aus Anlass des Gedenkens an die Schl\u00fcsseljahre 1918 und 1938 widmet sich auch das Historische Jahrbuch der Stadt Graz 2018 den wichtigsten Aspekten der stadthistorischen Entwicklung zwischen Erstem Weltkrieg und NS-Zeit. Die Autorinnen und Autoren des Schwerpunkt-Abschnittes analysieren unterschiedliche politische Br\u00fcche und Kontinuit\u00e4ten, geschlechtliche, soziale und religi\u00f6se Beziehungsebenen.<br \/>\nWie gewohnt beschlie\u00dfen aktuelle Forschungsergebnisse \u2013 diesmal aus der Arch\u00e4ologie, der Kultur- und Musikgeschichte sowie zum Ersten Weltkrieg \u2013 die Publikation.<br \/>\nDie einzelnen Texte sowie der gesamte Band werden im Februar 2019 als Open-Access-Publikation verf\u00fcgbar gemacht.<\/p>\n                <\/p>\n            <\/div>\n            <div class=\"mt-8\">\n                                <a href=\"https:\/\/unipub.uni-graz.at\/obvugrhjsg\/periodical\/titleinfo\/3292443\" class=\"trnc-button font-medium !no-underline text-p-large\">\n                    More                <\/a>\n                            <\/div>\n        <\/div>\n            <\/div>\n<\/section>\n\n\n\n<div style=\"height:100px\" aria-hidden=\"true\" class=\"wp-block-spacer\"><\/div>\n\n\n\n\n\n<section class=\"trnc-grid-2col\">\n    <div class=\"grid grid-cols-1 sm:grid-cols-2 gap-x-16 gap-y-12 pb-12 pt-4\">\n                <div class=\"flex flex-col justify-between\">\n            <div>\n                <h2 class=\"!mb-8\">\n                    Geschlechter Geschichten                <\/h2>\n\n                                <figure class=\"wp-block-image  mb-8\">\n                    <img loading=\"lazy\" decoding=\"async\" width=\"400\" height=\"600\" src=\"https:\/\/www.grazmuseum.at\/stadtarchiv\/wp-content\/uploads\/sites\/2\/2024\/02\/HJB_47.jpg\" class=\"w-full aspect-[1.8\/1] object-cover\" alt=\"Image\" srcset=\"https:\/\/www.grazmuseum.at\/stadtarchiv\/wp-content\/uploads\/sites\/2\/2024\/02\/HJB_47.jpg 400w, https:\/\/www.grazmuseum.at\/stadtarchiv\/wp-content\/uploads\/sites\/2\/2024\/02\/HJB_47-200x300.jpg 200w\" sizes=\"auto, (max-width: 400px) 100vw, 400px\" \/>                    <figcaption>\n                                            <\/figcaption>\n                <\/figure>\n                \n                <p>\n                    <p><strong>Historischer Jahrbuch der Stadt Graz 2017, Band 47<\/strong><\/p>\n<p>Wie gestaltete sich das Leben in einem mittelalterlichen und neuzeitlichen Frauenkloster? Wie lebten weibliche Gefangene in der \u201eKarlau\u201c im 19. Jahrhundert? Wie empfanden Gastarbeiterinnen in den 1960er\/70er-Jahren das Leben in Graz? Das sind nur einige Fragen, auf die die Autorinnen und Autoren der 14 Beitr\u00e4ge dieses Bandes Antworten geben wollen. Sie sp\u00fcren den unterschiedlichen Konstruktionen von gesellschaftlichem und biologischem Geschlecht im Lauf der Vergangenheit nach. Dabei werden v\u00f6llig neue Aspekte der Grazer Stadtgeschichte beleuchtet.<br \/>\nDen Abschluss des Bandes bilden vier Texte mit aktuellen Forschungsergebnissen aus der keltischen bis zur neuzeitlichen Arch\u00e4ologie, der Zeitgeschichte und der Denkmalpflege.<\/p>\n                <\/p>\n            <\/div>\n            <div class=\"mt-8\">\n                                <a href=\"https:\/\/unipub.uni-graz.at\/obvugrhjsg\/periodical\/titleinfo\/2512915\" class=\"trnc-button font-medium !no-underline text-p-large\">\n                    More                <\/a>\n                            <\/div>\n        <\/div>\n                <div class=\"flex flex-col justify-between\">\n            <div>\n                <h2 class=\"!mb-8\">\n                    Graecensien \u2013 Archive und Museen in Graz                <\/h2>\n\n                                <figure class=\"wp-block-image  mb-8\">\n                    <img loading=\"lazy\" decoding=\"async\" width=\"400\" height=\"600\" src=\"https:\/\/www.grazmuseum.at\/stadtarchiv\/wp-content\/uploads\/sites\/2\/2024\/02\/HJB_45_46.jpg\" class=\"w-full aspect-[1.8\/1] object-cover\" alt=\"Image\" srcset=\"https:\/\/www.grazmuseum.at\/stadtarchiv\/wp-content\/uploads\/sites\/2\/2024\/02\/HJB_45_46.jpg 400w, https:\/\/www.grazmuseum.at\/stadtarchiv\/wp-content\/uploads\/sites\/2\/2024\/02\/HJB_45_46-200x300.jpg 200w\" sizes=\"auto, (max-width: 400px) 100vw, 400px\" \/>                    <figcaption>\n                                            <\/figcaption>\n                <\/figure>\n                \n                <p>\n                    <p><strong>Historisches Jahrbuch der Stadt Graz 2016, Band 45\/46<\/strong><\/p>\n<p>Der 2016 pr\u00e4sentierte Doppelband des Historischen Jahrbuches der Stadt Graz widmet sich ganz jenen Institutionen, die Geschichte(n) archivieren und sammeln. Mitarbeiter*innen ausgew\u00e4hlter Einrichtungen beschreiben ihre Graecensien und was es zur Vergangenheit von Graz noch zu erz\u00e4hlen g\u00e4be.<br \/>\nNeueste Forschungsergebnisse zur Stadtgeschichte des 19. und 20. Jahrhunderts runden das Bild ab.<\/p>\n                <\/p>\n            <\/div>\n            <div class=\"mt-8\">\n                                <a href=\"https:\/\/unipub.uni-graz.at\/obvugrhjsg\/periodical\/titleinfo\/1770524\" class=\"trnc-button font-medium !no-underline text-p-large\">\n                    More                <\/a>\n                            <\/div>\n        <\/div>\n            <\/div>\n<\/section>\n\n\n\n<div style=\"height:100px\" aria-hidden=\"true\" class=\"wp-block-spacer\"><\/div>\n","protected":false},"excerpt":{"rendered":"<p>Publikationen Seit 2014 ist die Stadtmuseum Graz GmbH f\u00fcr die Herausgabe des seit 1968 erscheinenden Historischen Jahrbuches der Stadt Graz zust\u00e4ndig. Die inhaltliche Verantwortung haben mit 2016 neben den bisherigen Herausgebern Nikolaus Reisinger und Friedrich Bouvier auch Karin Schmidlechner und Wolfram Dornik \u00fcbernommen. Seit dem Band 45\/46 (2016) erscheint das Jahrbuch in gedruckter Form beim [&hellip;]<\/p>\n","protected":false},"author":1,"featured_media":0,"parent":0,"menu_order":0,"comment_status":"closed","ping_status":"closed","template":"","meta":{"_acf_changed":false,"footnotes":""},"class_list":["post-58","page","type-page","status-publish","hentry"],"acf":[],"yoast_head":"<!-- This site is optimized with the Yoast SEO plugin v26.5 - https:\/\/yoast.com\/wordpress\/plugins\/seo\/ -->\n<title>Publikationen - Stadtarchiv Graz<\/title>\n<meta name=\"robots\" content=\"index, follow, max-snippet:-1, max-image-preview:large, max-video-preview:-1\" \/>\n<link rel=\"canonical\" href=\"https:\/\/www.grazmuseum.at\/stadtarchiv\/publikationen\/\" \/>\n<meta property=\"og:locale\" content=\"de_DE\" \/>\n<meta property=\"og:type\" content=\"article\" \/>\n<meta property=\"og:title\" content=\"Publikationen - Stadtarchiv Graz\" \/>\n<meta property=\"og:description\" content=\"Publikationen Seit 2014 ist die Stadtmuseum Graz GmbH f\u00fcr die Herausgabe des seit 1968 erscheinenden Historischen Jahrbuches der Stadt Graz zust\u00e4ndig. Die inhaltliche Verantwortung haben mit 2016 neben den bisherigen Herausgebern Nikolaus Reisinger und Friedrich Bouvier auch Karin Schmidlechner und Wolfram Dornik \u00fcbernommen. Seit dem Band 45\/46 (2016) erscheint das Jahrbuch in gedruckter Form beim [&hellip;]\" \/>\n<meta property=\"og:url\" content=\"https:\/\/www.grazmuseum.at\/stadtarchiv\/publikationen\/\" \/>\n<meta property=\"og:site_name\" content=\"Stadtarchiv Graz\" \/>\n<meta property=\"article:modified_time\" content=\"2025-08-29T06:49:48+00:00\" \/>\n<meta name=\"twitter:card\" content=\"summary_large_image\" \/>\n<meta name=\"twitter:label1\" content=\"Gesch\u00e4tzte Lesezeit\" \/>\n\t<meta name=\"twitter:data1\" content=\"1\u00a0Minute\" \/>\n<script type=\"application\/ld+json\" class=\"yoast-schema-graph\">{\"@context\":\"https:\/\/schema.org\",\"@graph\":[{\"@type\":\"WebPage\",\"@id\":\"https:\/\/www.grazmuseum.at\/stadtarchiv\/publikationen\/\",\"url\":\"https:\/\/www.grazmuseum.at\/stadtarchiv\/publikationen\/\",\"name\":\"Publikationen - Stadtarchiv Graz\",\"isPartOf\":{\"@id\":\"https:\/\/www.grazmuseum.at\/stadtarchiv\/#website\"},\"datePublished\":\"2018-05-09T19:55:45+00:00\",\"dateModified\":\"2025-08-29T06:49:48+00:00\",\"breadcrumb\":{\"@id\":\"https:\/\/www.grazmuseum.at\/stadtarchiv\/publikationen\/#breadcrumb\"},\"inLanguage\":\"de\",\"potentialAction\":[{\"@type\":\"ReadAction\",\"target\":[\"https:\/\/www.grazmuseum.at\/stadtarchiv\/publikationen\/\"]}]},{\"@type\":\"BreadcrumbList\",\"@id\":\"https:\/\/www.grazmuseum.at\/stadtarchiv\/publikationen\/#breadcrumb\",\"itemListElement\":[{\"@type\":\"ListItem\",\"position\":1,\"name\":\"Home\",\"item\":\"https:\/\/www.grazmuseum.at\/stadtarchiv\/\"},{\"@type\":\"ListItem\",\"position\":2,\"name\":\"Publikationen\"}]},{\"@type\":\"WebSite\",\"@id\":\"https:\/\/www.grazmuseum.at\/stadtarchiv\/#website\",\"url\":\"https:\/\/www.grazmuseum.at\/stadtarchiv\/\",\"name\":\"Stadtarchiv Graz\",\"description\":\"\",\"potentialAction\":[{\"@type\":\"SearchAction\",\"target\":{\"@type\":\"EntryPoint\",\"urlTemplate\":\"https:\/\/www.grazmuseum.at\/stadtarchiv\/?s={search_term_string}\"},\"query-input\":{\"@type\":\"PropertyValueSpecification\",\"valueRequired\":true,\"valueName\":\"search_term_string\"}}],\"inLanguage\":\"de\"}]}<\/script>\n<!-- \/ Yoast SEO plugin. -->","yoast_head_json":{"title":"Publikationen - Stadtarchiv Graz","robots":{"index":"index","follow":"follow","max-snippet":"max-snippet:-1","max-image-preview":"max-image-preview:large","max-video-preview":"max-video-preview:-1"},"canonical":"https:\/\/www.grazmuseum.at\/stadtarchiv\/publikationen\/","og_locale":"de_DE","og_type":"article","og_title":"Publikationen - Stadtarchiv Graz","og_description":"Publikationen Seit 2014 ist die Stadtmuseum Graz GmbH f\u00fcr die Herausgabe des seit 1968 erscheinenden Historischen Jahrbuches der Stadt Graz zust\u00e4ndig. Die inhaltliche Verantwortung haben mit 2016 neben den bisherigen Herausgebern Nikolaus Reisinger und Friedrich Bouvier auch Karin Schmidlechner und Wolfram Dornik \u00fcbernommen. Seit dem Band 45\/46 (2016) erscheint das Jahrbuch in gedruckter Form beim [&hellip;]","og_url":"https:\/\/www.grazmuseum.at\/stadtarchiv\/publikationen\/","og_site_name":"Stadtarchiv Graz","article_modified_time":"2025-08-29T06:49:48+00:00","twitter_card":"summary_large_image","twitter_misc":{"Gesch\u00e4tzte Lesezeit":"1\u00a0Minute"},"schema":{"@context":"https:\/\/schema.org","@graph":[{"@type":"WebPage","@id":"https:\/\/www.grazmuseum.at\/stadtarchiv\/publikationen\/","url":"https:\/\/www.grazmuseum.at\/stadtarchiv\/publikationen\/","name":"Publikationen - Stadtarchiv Graz","isPartOf":{"@id":"https:\/\/www.grazmuseum.at\/stadtarchiv\/#website"},"datePublished":"2018-05-09T19:55:45+00:00","dateModified":"2025-08-29T06:49:48+00:00","breadcrumb":{"@id":"https:\/\/www.grazmuseum.at\/stadtarchiv\/publikationen\/#breadcrumb"},"inLanguage":"de","potentialAction":[{"@type":"ReadAction","target":["https:\/\/www.grazmuseum.at\/stadtarchiv\/publikationen\/"]}]},{"@type":"BreadcrumbList","@id":"https:\/\/www.grazmuseum.at\/stadtarchiv\/publikationen\/#breadcrumb","itemListElement":[{"@type":"ListItem","position":1,"name":"Home","item":"https:\/\/www.grazmuseum.at\/stadtarchiv\/"},{"@type":"ListItem","position":2,"name":"Publikationen"}]},{"@type":"WebSite","@id":"https:\/\/www.grazmuseum.at\/stadtarchiv\/#website","url":"https:\/\/www.grazmuseum.at\/stadtarchiv\/","name":"Stadtarchiv Graz","description":"","potentialAction":[{"@type":"SearchAction","target":{"@type":"EntryPoint","urlTemplate":"https:\/\/www.grazmuseum.at\/stadtarchiv\/?s={search_term_string}"},"query-input":{"@type":"PropertyValueSpecification","valueRequired":true,"valueName":"search_term_string"}}],"inLanguage":"de"}]}},"_links":{"self":[{"href":"https:\/\/www.grazmuseum.at\/stadtarchiv\/wp-json\/wp\/v2\/pages\/58","targetHints":{"allow":["GET"]}}],"collection":[{"href":"https:\/\/www.grazmuseum.at\/stadtarchiv\/wp-json\/wp\/v2\/pages"}],"about":[{"href":"https:\/\/www.grazmuseum.at\/stadtarchiv\/wp-json\/wp\/v2\/types\/page"}],"author":[{"embeddable":true,"href":"https:\/\/www.grazmuseum.at\/stadtarchiv\/wp-json\/wp\/v2\/users\/1"}],"replies":[{"embeddable":true,"href":"https:\/\/www.grazmuseum.at\/stadtarchiv\/wp-json\/wp\/v2\/comments?post=58"}],"version-history":[{"count":76,"href":"https:\/\/www.grazmuseum.at\/stadtarchiv\/wp-json\/wp\/v2\/pages\/58\/revisions"}],"predecessor-version":[{"id":3311,"href":"https:\/\/www.grazmuseum.at\/stadtarchiv\/wp-json\/wp\/v2\/pages\/58\/revisions\/3311"}],"wp:attachment":[{"href":"https:\/\/www.grazmuseum.at\/stadtarchiv\/wp-json\/wp\/v2\/media?parent=58"}],"curies":[{"name":"wp","href":"https:\/\/api.w.org\/{rel}","templated":true}]}}