{"id":50,"date":"2018-05-09T21:53:51","date_gmt":"2018-05-09T19:53:51","guid":{"rendered":"https:\/\/www.grazmuseum.at\/stadtarchiv\/?page_id=50"},"modified":"2025-09-11T15:33:31","modified_gmt":"2025-09-11T13:33:31","slug":"kontakt-oeffnungszeiten","status":"publish","type":"page","link":"https:\/\/www.grazmuseum.at\/stadtarchiv\/kontakt-oeffnungszeiten\/","title":{"rendered":"Kontakt &amp; \u00d6ffnungszeiten"},"content":{"rendered":"\n<h1 class=\"wp-block-heading\">Kontakt &amp; \u00d6ffnungszeiten<\/h1>\n\n\n\n<div id=\"kontakt\" class=\"wp-block-group is-layout-constrained wp-block-group-is-layout-constrained\">\n<p>Schiffgasse 4<br>8020 Graz<br>+43 316 872-7620<br><a href=\"mailto:stadtarchiv@stadt.graz.at\">stadtarchiv@stadt.graz.at<\/a><\/p>\n\n\n\n<div style=\"height:40px\" aria-hidden=\"true\" class=\"wp-block-spacer\"><\/div>\n\n\n\n<h2 class=\"wp-block-heading\">\u00d6ffnungszeiten<\/h2>\n\n\n\n<p>Der Lesesaal des Stadtarchives Graz hat Montag-Donnerstag 8-12 Uhr, Dienstag auch 8-16 Uhr ge\u00f6ffnet. Anfragen richten Sie bitte an: <strong><a href=\"mailto:stadtarchiv@stadt.graz.at\">stadtarchiv@stadt.graz.at<\/a><\/strong><br>W\u00e4hrend der \u00d6ffnungszeiten erreichen Sie uns auch telefonisch unter:<br><strong>0316 872 7620<\/strong><\/p>\n\n\n\n<p>Bitte beachten Sie, dass das Mitbringen von Hunden ins Archiv nicht erlaubt ist (ausgenommen Assistenzhunde).<\/p>\n<\/div>\n\n\n\n<div style=\"height:100px\" aria-hidden=\"true\" class=\"wp-block-spacer\"><\/div>\n\n\n\n<div id=\"ansprechen\" class=\"wp-block-group is-layout-constrained wp-block-group-is-layout-constrained\">\n<h2 class=\"wp-block-heading\">Ansprechpartner*innen<\/h2>\n\n\n\n<div style=\"height:60px\" aria-hidden=\"true\" class=\"wp-block-spacer\"><\/div>\n\n\n\n<h3 class=\"wp-block-heading\">Leitung Stadtarchiv<\/h3>\n\n\n\n<div class=\"team-grid grid grid-cols-1 md:grid-cols-2 xl:grid-cols-3 gap-x-12 gap-y-8 mt-8\">\n\n                    <div class=\"team-grid__card flex flex-col \">\n            <span class=\"team-grid__card__name font-medium\">\n                Mag. Dr. Wolfram Dornik            <\/span>\n\n            <span>\n                                    Leiter Stadtarchiv Graz                            <\/span>\n\n            <span class=\"team-grid__card__contact flex flex-col\">\n                                    <a href=\"mailto:wolfram.dornik@stadt.graz.at\" class=\"!no-underline font-medium\">wolfram.dornik@stadt.graz.at<\/a>\n                                                    <a href=\"tel:+43 664 60872-7626\" class=\"!no-underline\">+43 664 60872-7626<\/a>\n                            <\/span>\n\n                    <\/div>\n    \n<\/div>\n\n\n\n<div style=\"height:60px\" aria-hidden=\"true\" class=\"wp-block-spacer\"><\/div>\n\n\n\n<h3 class=\"wp-block-heading\">Mitarbeiter*innen<\/h3>\n\n\n\n<div class=\"team-grid grid grid-cols-1 md:grid-cols-2 xl:grid-cols-3 gap-x-12 gap-y-8 mt-8\">\n\n                    <div class=\"team-grid__card flex flex-col \">\n            <span class=\"team-grid__card__name font-medium\">\n                Jennifer Ebenstreit, BA, MA            <\/span>\n\n            <span>\n                                    Archivarin                            <\/span>\n\n            <span class=\"team-grid__card__contact flex flex-col\">\n                                    <a href=\"mailto:jennifer.ebenstreit@stadt.graz.at\" class=\"!no-underline font-medium\">jennifer.ebenstreit@stadt.graz.at<\/a>\n                                                    <a href=\"tel:+43 664 88974812\" class=\"!no-underline\">+43 664 88974812<\/a>\n                            <\/span>\n\n                    <\/div>\n                    <div class=\"team-grid__card flex flex-col \">\n            <span class=\"team-grid__card__name font-medium\">\n                Marlene Gr\u00fcnberger, BA            <\/span>\n\n            <span>\n                                    Nutzer*innenservice                            <\/span>\n\n            <span class=\"team-grid__card__contact flex flex-col\">\n                                    <a href=\"mailto:marlene.gruenberger@stadt.graz.at\" class=\"!no-underline font-medium\">marlene.gruenberger@stadt.graz.at<\/a>\n                                                    <a href=\"tel:+43 316 872-7620\" class=\"!no-underline\">+43 316 872-7620<\/a>\n                            <\/span>\n\n                    <\/div>\n                    <div class=\"team-grid__card flex flex-col \">\n            <span class=\"team-grid__card__name font-medium\">\n                Felix Alexander Kaufmann, BA MA            <\/span>\n\n            <span>\n                                    Archivar                            <\/span>\n\n            <span class=\"team-grid__card__contact flex flex-col\">\n                                    <a href=\"mailto:felix.kaufmann@stadt.graz.at\" class=\"!no-underline font-medium\">felix.kaufmann@stadt.graz.at<\/a>\n                                                    <a href=\"tel:+43 664 88530453\" class=\"!no-underline\">+43 664 88530453<\/a>\n                            <\/span>\n\n                    <\/div>\n                    <div class=\"team-grid__card flex flex-col \">\n            <span class=\"team-grid__card__name font-medium\">\n                Dipl.-Archivarin (FH) Mag.<sup>a<\/sup> Tamara Kefer            <\/span>\n\n            <span>\n                                    Archivarin, Stellvertretende Leiterin Stadtarchiv Graz                            <\/span>\n\n            <span class=\"team-grid__card__contact flex flex-col\">\n                                    <a href=\"mailto:tamara.kefer@stadt.graz.at\" class=\"!no-underline font-medium\">tamara.kefer@stadt.graz.at<\/a>\n                                                    <a href=\"tel:+43 664 60872-7621\" class=\"!no-underline\">+43 664 60872-7621<\/a>\n                            <\/span>\n\n                    <\/div>\n                    <div class=\"team-grid__card flex flex-col \">\n            <span class=\"team-grid__card__name font-medium\">\n                Ferdinand Leisch, BA            <\/span>\n\n            <span>\n                                    Nutzer*innenservice, Bauakten                            <\/span>\n\n            <span class=\"team-grid__card__contact flex flex-col\">\n                                    <a href=\"mailto:ferdinand.leisch@stadt.graz.at\" class=\"!no-underline font-medium\">ferdinand.leisch@stadt.graz.at<\/a>\n                                                    <a href=\"tel:+43 316 872-7628\" class=\"!no-underline\">+43 316 872-7628<\/a>\n                            <\/span>\n\n                    <\/div>\n                    <div class=\"team-grid__card flex flex-col \">\n            <span class=\"team-grid__card__name font-medium\">\n                Dipl.-Ing. Barbara Meyer, MSc            <\/span>\n\n            <span>\n                                    Digitale Archivierung                            <\/span>\n\n            <span class=\"team-grid__card__contact flex flex-col\">\n                                    <a href=\"mailto:barbara.meyer@stadt.graz.at\" class=\"!no-underline font-medium\">barbara.meyer@stadt.graz.at<\/a>\n                                                    <a href=\"tel:+43 316 872-7625\" class=\"!no-underline\">+43 316 872-7625<\/a>\n                            <\/span>\n\n                    <\/div>\n                    <div class=\"team-grid__card flex flex-col \">\n            <span class=\"team-grid__card__name font-medium\">\n                Claudia M\u00fchlbacher, BA MA            <\/span>\n\n            <span>\n                                    Nutzer*innenservice                            <\/span>\n\n            <span class=\"team-grid__card__contact flex flex-col\">\n                                    <a href=\"mailto:claudia.muehlbacher@stadt.graz.at\" class=\"!no-underline font-medium\">claudia.muehlbacher@stadt.graz.at<\/a>\n                                                    <a href=\"tel:+43 316 872-7622\" class=\"!no-underline\">+43 316 872-7622<\/a>\n                            <\/span>\n\n                    <\/div>\n                    <div class=\"team-grid__card flex flex-col \">\n            <span class=\"team-grid__card__name font-medium\">\n                Mag.<sup>a<\/sup> Juliane Maria Nitsch            <\/span>\n\n            <span>\n                                    Nutzer*innenservice, Bibliothek                            <\/span>\n\n            <span class=\"team-grid__card__contact flex flex-col\">\n                                    <a href=\"mailto:juliane.nitsch@stadt.graz.at\" class=\"!no-underline font-medium\">juliane.nitsch@stadt.graz.at<\/a>\n                                                    <a href=\"tel:+43 316 872-7627\" class=\"!no-underline\">+43 316 872-7627<\/a>\n                            <\/span>\n\n                    <\/div>\n                    <div class=\"team-grid__card flex flex-col \">\n            <span class=\"team-grid__card__name font-medium\">\n                Julia Paugger            <\/span>\n\n            <span>\n                                    Nutzer*innenservice                            <\/span>\n\n            <span class=\"team-grid__card__contact flex flex-col\">\n                                    <a href=\"mailto:julia.paugger@stadt.graz.at\" class=\"!no-underline font-medium\">julia.paugger@stadt.graz.at<\/a>\n                                                    <a href=\"tel:+43 316 872-7620\" class=\"!no-underline\">+43 316 872-7620<\/a>\n                            <\/span>\n\n                    <\/div>\n                    <div class=\"team-grid__card flex flex-col \">\n            <span class=\"team-grid__card__name font-medium\">\n                Mag. Peter Schintler            <\/span>\n\n            <span>\n                                    Wissenschaftlicher Mitarbeiter                            <\/span>\n\n            <span class=\"team-grid__card__contact flex flex-col\">\n                                    <a href=\"mailto:peter.schintler@stadt.graz.at\" class=\"!no-underline font-medium\">peter.schintler@stadt.graz.at<\/a>\n                                                    <a href=\"tel:+43 316 872-7624\" class=\"!no-underline\">+43 316 872-7624<\/a>\n                            <\/span>\n\n                    <\/div>\n                    <div class=\"team-grid__card flex flex-col \">\n            <span class=\"team-grid__card__name font-medium\">\n                Caitlin Staber            <\/span>\n\n            <span>\n                                    Archiv-, Bibliotheks- und Informationsassistentin                            <\/span>\n\n            <span class=\"team-grid__card__contact flex flex-col\">\n                                    <a href=\"mailto:caitlin.staber@stadt.graz.at\" class=\"!no-underline font-medium\">caitlin.staber@stadt.graz.at<\/a>\n                                                    <a href=\"tel:+43 316 872-7629\" class=\"!no-underline\">+43 316 872-7629<\/a>\n                            <\/span>\n\n                    <\/div>\n                    <div class=\"team-grid__card flex flex-col \">\n            <span class=\"team-grid__card__name font-medium\">\n                Mag. Hannes Zaunschirm            <\/span>\n\n            <span>\n                                    Projektmitarbeiter                            <\/span>\n\n            <span class=\"team-grid__card__contact flex flex-col\">\n                                    <a href=\"mailto:johannes.zaunschirm@stadt.graz.at\" class=\"!no-underline font-medium\">johannes.zaunschirm@stadt.graz.at<\/a>\n                                                    <a href=\"tel:+43 664 889 748 32\" class=\"!no-underline\">+43 664 889 748 32<\/a>\n                            <\/span>\n\n                    <\/div>\n    \n<\/div>\n\n\n\n<div style=\"height:60px\" aria-hidden=\"true\" class=\"wp-block-spacer\"><\/div>\n\n\n\n<div style=\"height:60px\" aria-hidden=\"true\" class=\"wp-block-spacer\"><\/div>\n<\/div>\n\n\n\n<div id=\"archivf\u00fchrung\" class=\"wp-block-group is-layout-constrained wp-block-group-is-layout-constrained\">\n<div style=\"height:40px\" aria-hidden=\"true\" class=\"wp-block-spacer\"><\/div>\n<\/div>\n","protected":false},"excerpt":{"rendered":"<p>Kontakt &amp; \u00d6ffnungszeiten Schiffgasse 48020 Graz+43 316 872-7620stadtarchiv@stadt.graz.at \u00d6ffnungszeiten Der Lesesaal des Stadtarchives Graz hat Montag-Donnerstag 8-12 Uhr, Dienstag auch 8-16 Uhr ge\u00f6ffnet. Anfragen richten Sie bitte an: stadtarchiv@stadt.graz.atW\u00e4hrend der \u00d6ffnungszeiten erreichen Sie uns auch telefonisch unter:0316 872 7620 Bitte beachten Sie, dass das Mitbringen von Hunden ins Archiv nicht erlaubt ist (ausgenommen Assistenzhunde). Ansprechpartner*innen [&hellip;]<\/p>\n","protected":false},"author":1,"featured_media":0,"parent":0,"menu_order":0,"comment_status":"closed","ping_status":"closed","template":"","meta":{"_acf_changed":false,"footnotes":""},"class_list":["post-50","page","type-page","status-publish","hentry"],"acf":[],"yoast_head":"<!-- This site is optimized with the Yoast SEO plugin v26.5 - https:\/\/yoast.com\/wordpress\/plugins\/seo\/ -->\n<title>Kontakt &amp; \u00d6ffnungszeiten - Stadtarchiv Graz<\/title>\n<meta name=\"robots\" content=\"index, follow, max-snippet:-1, max-image-preview:large, max-video-preview:-1\" \/>\n<link rel=\"canonical\" href=\"https:\/\/www.grazmuseum.at\/stadtarchiv\/kontakt-oeffnungszeiten\/\" \/>\n<meta property=\"og:locale\" content=\"de_DE\" \/>\n<meta property=\"og:type\" content=\"article\" \/>\n<meta property=\"og:title\" content=\"Kontakt &amp; \u00d6ffnungszeiten - Stadtarchiv Graz\" \/>\n<meta property=\"og:description\" content=\"Kontakt &amp; \u00d6ffnungszeiten Schiffgasse 48020 Graz+43 316 872-7620stadtarchiv@stadt.graz.at \u00d6ffnungszeiten Der Lesesaal des Stadtarchives Graz hat Montag-Donnerstag 8-12 Uhr, Dienstag auch 8-16 Uhr ge\u00f6ffnet. Anfragen richten Sie bitte an: stadtarchiv@stadt.graz.atW\u00e4hrend der \u00d6ffnungszeiten erreichen Sie uns auch telefonisch unter:0316 872 7620 Bitte beachten Sie, dass das Mitbringen von Hunden ins Archiv nicht erlaubt ist (ausgenommen Assistenzhunde). Ansprechpartner*innen [&hellip;]\" \/>\n<meta property=\"og:url\" content=\"https:\/\/www.grazmuseum.at\/stadtarchiv\/kontakt-oeffnungszeiten\/\" \/>\n<meta property=\"og:site_name\" content=\"Stadtarchiv Graz\" \/>\n<meta property=\"article:modified_time\" content=\"2025-09-11T13:33:31+00:00\" \/>\n<meta name=\"twitter:card\" content=\"summary_large_image\" \/>\n<meta name=\"twitter:label1\" content=\"Gesch\u00e4tzte Lesezeit\" \/>\n\t<meta name=\"twitter:data1\" content=\"1\u00a0Minute\" \/>\n<script type=\"application\/ld+json\" class=\"yoast-schema-graph\">{\"@context\":\"https:\/\/schema.org\",\"@graph\":[{\"@type\":\"WebPage\",\"@id\":\"https:\/\/www.grazmuseum.at\/stadtarchiv\/kontakt-oeffnungszeiten\/\",\"url\":\"https:\/\/www.grazmuseum.at\/stadtarchiv\/kontakt-oeffnungszeiten\/\",\"name\":\"Kontakt &amp; \u00d6ffnungszeiten - Stadtarchiv Graz\",\"isPartOf\":{\"@id\":\"https:\/\/www.grazmuseum.at\/stadtarchiv\/#website\"},\"datePublished\":\"2018-05-09T19:53:51+00:00\",\"dateModified\":\"2025-09-11T13:33:31+00:00\",\"breadcrumb\":{\"@id\":\"https:\/\/www.grazmuseum.at\/stadtarchiv\/kontakt-oeffnungszeiten\/#breadcrumb\"},\"inLanguage\":\"de\",\"potentialAction\":[{\"@type\":\"ReadAction\",\"target\":[\"https:\/\/www.grazmuseum.at\/stadtarchiv\/kontakt-oeffnungszeiten\/\"]}]},{\"@type\":\"BreadcrumbList\",\"@id\":\"https:\/\/www.grazmuseum.at\/stadtarchiv\/kontakt-oeffnungszeiten\/#breadcrumb\",\"itemListElement\":[{\"@type\":\"ListItem\",\"position\":1,\"name\":\"Home\",\"item\":\"https:\/\/www.grazmuseum.at\/stadtarchiv\/\"},{\"@type\":\"ListItem\",\"position\":2,\"name\":\"Kontakt &amp; \u00d6ffnungszeiten\"}]},{\"@type\":\"WebSite\",\"@id\":\"https:\/\/www.grazmuseum.at\/stadtarchiv\/#website\",\"url\":\"https:\/\/www.grazmuseum.at\/stadtarchiv\/\",\"name\":\"Stadtarchiv Graz\",\"description\":\"\",\"potentialAction\":[{\"@type\":\"SearchAction\",\"target\":{\"@type\":\"EntryPoint\",\"urlTemplate\":\"https:\/\/www.grazmuseum.at\/stadtarchiv\/?s={search_term_string}\"},\"query-input\":{\"@type\":\"PropertyValueSpecification\",\"valueRequired\":true,\"valueName\":\"search_term_string\"}}],\"inLanguage\":\"de\"}]}<\/script>\n<!-- \/ Yoast SEO plugin. -->","yoast_head_json":{"title":"Kontakt &amp; \u00d6ffnungszeiten - Stadtarchiv Graz","robots":{"index":"index","follow":"follow","max-snippet":"max-snippet:-1","max-image-preview":"max-image-preview:large","max-video-preview":"max-video-preview:-1"},"canonical":"https:\/\/www.grazmuseum.at\/stadtarchiv\/kontakt-oeffnungszeiten\/","og_locale":"de_DE","og_type":"article","og_title":"Kontakt &amp; \u00d6ffnungszeiten - Stadtarchiv Graz","og_description":"Kontakt &amp; \u00d6ffnungszeiten Schiffgasse 48020 Graz+43 316 872-7620stadtarchiv@stadt.graz.at \u00d6ffnungszeiten Der Lesesaal des Stadtarchives Graz hat Montag-Donnerstag 8-12 Uhr, Dienstag auch 8-16 Uhr ge\u00f6ffnet. Anfragen richten Sie bitte an: stadtarchiv@stadt.graz.atW\u00e4hrend der \u00d6ffnungszeiten erreichen Sie uns auch telefonisch unter:0316 872 7620 Bitte beachten Sie, dass das Mitbringen von Hunden ins Archiv nicht erlaubt ist (ausgenommen Assistenzhunde). Ansprechpartner*innen [&hellip;]","og_url":"https:\/\/www.grazmuseum.at\/stadtarchiv\/kontakt-oeffnungszeiten\/","og_site_name":"Stadtarchiv Graz","article_modified_time":"2025-09-11T13:33:31+00:00","twitter_card":"summary_large_image","twitter_misc":{"Gesch\u00e4tzte Lesezeit":"1\u00a0Minute"},"schema":{"@context":"https:\/\/schema.org","@graph":[{"@type":"WebPage","@id":"https:\/\/www.grazmuseum.at\/stadtarchiv\/kontakt-oeffnungszeiten\/","url":"https:\/\/www.grazmuseum.at\/stadtarchiv\/kontakt-oeffnungszeiten\/","name":"Kontakt &amp; \u00d6ffnungszeiten - Stadtarchiv Graz","isPartOf":{"@id":"https:\/\/www.grazmuseum.at\/stadtarchiv\/#website"},"datePublished":"2018-05-09T19:53:51+00:00","dateModified":"2025-09-11T13:33:31+00:00","breadcrumb":{"@id":"https:\/\/www.grazmuseum.at\/stadtarchiv\/kontakt-oeffnungszeiten\/#breadcrumb"},"inLanguage":"de","potentialAction":[{"@type":"ReadAction","target":["https:\/\/www.grazmuseum.at\/stadtarchiv\/kontakt-oeffnungszeiten\/"]}]},{"@type":"BreadcrumbList","@id":"https:\/\/www.grazmuseum.at\/stadtarchiv\/kontakt-oeffnungszeiten\/#breadcrumb","itemListElement":[{"@type":"ListItem","position":1,"name":"Home","item":"https:\/\/www.grazmuseum.at\/stadtarchiv\/"},{"@type":"ListItem","position":2,"name":"Kontakt &amp; \u00d6ffnungszeiten"}]},{"@type":"WebSite","@id":"https:\/\/www.grazmuseum.at\/stadtarchiv\/#website","url":"https:\/\/www.grazmuseum.at\/stadtarchiv\/","name":"Stadtarchiv Graz","description":"","potentialAction":[{"@type":"SearchAction","target":{"@type":"EntryPoint","urlTemplate":"https:\/\/www.grazmuseum.at\/stadtarchiv\/?s={search_term_string}"},"query-input":{"@type":"PropertyValueSpecification","valueRequired":true,"valueName":"search_term_string"}}],"inLanguage":"de"}]}},"_links":{"self":[{"href":"https:\/\/www.grazmuseum.at\/stadtarchiv\/wp-json\/wp\/v2\/pages\/50","targetHints":{"allow":["GET"]}}],"collection":[{"href":"https:\/\/www.grazmuseum.at\/stadtarchiv\/wp-json\/wp\/v2\/pages"}],"about":[{"href":"https:\/\/www.grazmuseum.at\/stadtarchiv\/wp-json\/wp\/v2\/types\/page"}],"author":[{"embeddable":true,"href":"https:\/\/www.grazmuseum.at\/stadtarchiv\/wp-json\/wp\/v2\/users\/1"}],"replies":[{"embeddable":true,"href":"https:\/\/www.grazmuseum.at\/stadtarchiv\/wp-json\/wp\/v2\/comments?post=50"}],"version-history":[{"count":93,"href":"https:\/\/www.grazmuseum.at\/stadtarchiv\/wp-json\/wp\/v2\/pages\/50\/revisions"}],"predecessor-version":[{"id":3331,"href":"https:\/\/www.grazmuseum.at\/stadtarchiv\/wp-json\/wp\/v2\/pages\/50\/revisions\/3331"}],"wp:attachment":[{"href":"https:\/\/www.grazmuseum.at\/stadtarchiv\/wp-json\/wp\/v2\/media?parent=50"}],"curies":[{"name":"wp","href":"https:\/\/api.w.org\/{rel}","templated":true}]}}