{"id":2405,"date":"2023-09-27T08:46:36","date_gmt":"2023-09-27T06:46:36","guid":{"rendered":"https:\/\/www.grazmuseum.at\/stadtarchiv\/?page_id=2405"},"modified":"2023-09-27T09:29:34","modified_gmt":"2023-09-27T07:29:34","slug":"fit-fuer-das-digitale-archiv","status":"publish","type":"page","link":"https:\/\/www.grazmuseum.at\/stadtarchiv\/fit-fuer-das-digitale-archiv\/","title":{"rendered":"Fit f\u00fcr das digitale Archiv"},"content":{"rendered":"<p>[et_pb_section fb_built=&#8220;1&#8243; _builder_version=&#8220;4.9.1&#8243; _module_preset=&#8220;default&#8220;][et_pb_row _builder_version=&#8220;4.9.1&#8243; _module_preset=&#8220;default&#8220;][et_pb_column type=&#8220;4_4&#8243; _builder_version=&#8220;4.9.1&#8243; _module_preset=&#8220;default&#8220;][et_pb_text admin_label=&#8220;Header&#8220; _builder_version=&#8220;4.9.1&#8243; _module_preset=&#8220;default&#8220;]<\/p>\n<h1>Fit f\u00fcr das digitale Archiv<\/h1>\n<p>[\/et_pb_text][et_pb_image src=&#8220;https:\/\/www.grazmuseum.at\/stadtarchiv\/wp-content\/uploads\/sites\/2\/2023\/04\/DialogCity_Master_PowerPoint_1920x1080_01.jpg&#8220; _builder_version=&#8220;4.9.1&#8243; _module_preset=&#8220;default&#8220;][\/et_pb_image][et_pb_text _builder_version=&#8220;4.9.1&#8243; _module_preset=&#8220;default&#8220; hover_enabled=&#8220;0&#8243; sticky_enabled=&#8220;0&#8243;]<\/p>\n<p>Wie kann ich meine pers\u00f6nlichen digitalen Daten langfristig sichern und meine digitale Hinterlassenschaft regeln?<br \/>Diese und weitere Fragen werden in einem Kurs in Kooperation mit der Urania Steiermark behandelt.<\/p>\n<ul>\n<li>Ordnung und \u00dcbersicht bei den eigenen Dateien<\/li>\n<li>Auswahl des Wichtigen (Person, Familie, Archiv)<\/li>\n<li>Vorsorge f\u00fcr die Zukunft (Familien- und Kommunalgeschichte, digitale Hinterlassenschaft)<\/li>\n<li>Erhaltung auf lange Zeit (eigene Lebensspanne, Nachkommen, Archiv)<\/li>\n<\/ul>\n<p><strong>Vorkenntnisse:<\/strong><br \/>Urania-Kurs &#8222;Erste Schritte am Computer&#8220; und &#8222;Fit f\u00fcr Ordnung am Computer&#8220; oder dementsprechende Vorkenntnisse.<\/p>\n<p>Im Kurs wird Ihnen ein Laptop zur Verf\u00fcgung gestellt. Individuelle Einstellungen auf mitgebrachten Ger\u00e4ten k\u00f6nnen im Rahmen des Kurses nicht vorgenommen werden.<\/p>\n<p><strong>Termine:<\/strong><br \/>Di, 07.11.2023, 15-17 Uhr<br \/>Di, 21.11.2023, 15-17 Uhr<br \/>Di, 05.12.2023, 15-17 Uhr<br \/>Di, 19.12.2023, 15-17 Uhr<\/p>\n<p><strong>Anmeldung<\/strong> bei <a href=\"mailto:urania@urania.at\"><strong>urania@urania.at<\/strong><\/a> oder <strong>0316 8256880<\/strong><\/p>\n<p>[\/et_pb_text][\/et_pb_column][\/et_pb_row][\/et_pb_section]<\/p>\n","protected":false},"excerpt":{"rendered":"<p>[et_pb_section fb_built=&#8220;1&#8243; _builder_version=&#8220;4.9.1&#8243; _module_preset=&#8220;default&#8220;][et_pb_row _builder_version=&#8220;4.9.1&#8243; _module_preset=&#8220;default&#8220;][et_pb_column type=&#8220;4_4&#8243; _builder_version=&#8220;4.9.1&#8243; _module_preset=&#8220;default&#8220;][et_pb_text admin_label=&#8220;Header&#8220; _builder_version=&#8220;4.9.1&#8243; _module_preset=&#8220;default&#8220;] Fit f\u00fcr das digitale Archiv [\/et_pb_text][et_pb_image src=&#8220;https:\/\/www.grazmuseum.at\/stadtarchiv\/wp-content\/uploads\/sites\/2\/2023\/04\/DialogCity_Master_PowerPoint_1920x1080_01.jpg&#8220; _builder_version=&#8220;4.9.1&#8243; _module_preset=&#8220;default&#8220;][\/et_pb_image][et_pb_text _builder_version=&#8220;4.9.1&#8243; _module_preset=&#8220;default&#8220; hover_enabled=&#8220;0&#8243; sticky_enabled=&#8220;0&#8243;] Wie kann ich meine pers\u00f6nlichen digitalen Daten langfristig sichern und meine digitale Hinterlassenschaft regeln?Diese und weitere Fragen werden in einem Kurs in Kooperation mit der Urania Steiermark behandelt. Ordnung und [&hellip;]<\/p>\n","protected":false},"author":2,"featured_media":0,"parent":0,"menu_order":0,"comment_status":"closed","ping_status":"closed","template":"","meta":{"_acf_changed":false,"footnotes":""},"class_list":["post-2405","page","type-page","status-publish","hentry"],"acf":[],"yoast_head":"<!-- This site is optimized with the Yoast SEO plugin v26.5 - https:\/\/yoast.com\/wordpress\/plugins\/seo\/ -->\n<title>Fit f\u00fcr das digitale Archiv - Stadtarchiv Graz<\/title>\n<meta name=\"robots\" content=\"index, follow, max-snippet:-1, max-image-preview:large, max-video-preview:-1\" \/>\n<link rel=\"canonical\" href=\"https:\/\/www.grazmuseum.at\/stadtarchiv\/fit-fuer-das-digitale-archiv\/\" \/>\n<meta property=\"og:locale\" content=\"de_DE\" \/>\n<meta property=\"og:type\" content=\"article\" \/>\n<meta property=\"og:title\" content=\"Fit f\u00fcr das digitale Archiv - Stadtarchiv Graz\" \/>\n<meta property=\"og:description\" content=\"[et_pb_section fb_built=&#8220;1&#8243; _builder_version=&#8220;4.9.1&#8243; _module_preset=&#8220;default&#8220;][et_pb_row _builder_version=&#8220;4.9.1&#8243; _module_preset=&#8220;default&#8220;][et_pb_column type=&#8220;4_4&#8243; _builder_version=&#8220;4.9.1&#8243; _module_preset=&#8220;default&#8220;][et_pb_text admin_label=&#8220;Header&#8220; _builder_version=&#8220;4.9.1&#8243; _module_preset=&#8220;default&#8220;] Fit f\u00fcr das digitale Archiv [\/et_pb_text][et_pb_image src=&#8220;https:\/\/www.grazmuseum.at\/stadtarchiv\/wp-content\/uploads\/sites\/2\/2023\/04\/DialogCity_Master_PowerPoint_1920x1080_01.jpg&#8220; _builder_version=&#8220;4.9.1&#8243; _module_preset=&#8220;default&#8220;][\/et_pb_image][et_pb_text _builder_version=&#8220;4.9.1&#8243; _module_preset=&#8220;default&#8220; hover_enabled=&#8220;0&#8243; sticky_enabled=&#8220;0&#8243;] Wie kann ich meine pers\u00f6nlichen digitalen Daten langfristig sichern und meine digitale Hinterlassenschaft regeln?Diese und weitere Fragen werden in einem Kurs in Kooperation mit der Urania Steiermark behandelt. Ordnung und [&hellip;]\" \/>\n<meta property=\"og:url\" content=\"https:\/\/www.grazmuseum.at\/stadtarchiv\/fit-fuer-das-digitale-archiv\/\" \/>\n<meta property=\"og:site_name\" content=\"Stadtarchiv Graz\" \/>\n<meta property=\"article:modified_time\" content=\"2023-09-27T07:29:34+00:00\" \/>\n<meta name=\"twitter:card\" content=\"summary_large_image\" \/>\n<meta name=\"twitter:label1\" content=\"Gesch\u00e4tzte Lesezeit\" \/>\n\t<meta name=\"twitter:data1\" content=\"1\u00a0Minute\" \/>\n<script type=\"application\/ld+json\" class=\"yoast-schema-graph\">{\"@context\":\"https:\/\/schema.org\",\"@graph\":[{\"@type\":\"WebPage\",\"@id\":\"https:\/\/www.grazmuseum.at\/stadtarchiv\/fit-fuer-das-digitale-archiv\/\",\"url\":\"https:\/\/www.grazmuseum.at\/stadtarchiv\/fit-fuer-das-digitale-archiv\/\",\"name\":\"Fit f\u00fcr das digitale Archiv - Stadtarchiv Graz\",\"isPartOf\":{\"@id\":\"https:\/\/www.grazmuseum.at\/stadtarchiv\/#website\"},\"datePublished\":\"2023-09-27T06:46:36+00:00\",\"dateModified\":\"2023-09-27T07:29:34+00:00\",\"breadcrumb\":{\"@id\":\"https:\/\/www.grazmuseum.at\/stadtarchiv\/fit-fuer-das-digitale-archiv\/#breadcrumb\"},\"inLanguage\":\"de\",\"potentialAction\":[{\"@type\":\"ReadAction\",\"target\":[\"https:\/\/www.grazmuseum.at\/stadtarchiv\/fit-fuer-das-digitale-archiv\/\"]}]},{\"@type\":\"BreadcrumbList\",\"@id\":\"https:\/\/www.grazmuseum.at\/stadtarchiv\/fit-fuer-das-digitale-archiv\/#breadcrumb\",\"itemListElement\":[{\"@type\":\"ListItem\",\"position\":1,\"name\":\"Home\",\"item\":\"https:\/\/www.grazmuseum.at\/stadtarchiv\/\"},{\"@type\":\"ListItem\",\"position\":2,\"name\":\"Fit f\u00fcr das digitale Archiv\"}]},{\"@type\":\"WebSite\",\"@id\":\"https:\/\/www.grazmuseum.at\/stadtarchiv\/#website\",\"url\":\"https:\/\/www.grazmuseum.at\/stadtarchiv\/\",\"name\":\"Stadtarchiv Graz\",\"description\":\"\",\"potentialAction\":[{\"@type\":\"SearchAction\",\"target\":{\"@type\":\"EntryPoint\",\"urlTemplate\":\"https:\/\/www.grazmuseum.at\/stadtarchiv\/?s={search_term_string}\"},\"query-input\":{\"@type\":\"PropertyValueSpecification\",\"valueRequired\":true,\"valueName\":\"search_term_string\"}}],\"inLanguage\":\"de\"}]}<\/script>\n<!-- \/ Yoast SEO plugin. -->","yoast_head_json":{"title":"Fit f\u00fcr das digitale Archiv - Stadtarchiv Graz","robots":{"index":"index","follow":"follow","max-snippet":"max-snippet:-1","max-image-preview":"max-image-preview:large","max-video-preview":"max-video-preview:-1"},"canonical":"https:\/\/www.grazmuseum.at\/stadtarchiv\/fit-fuer-das-digitale-archiv\/","og_locale":"de_DE","og_type":"article","og_title":"Fit f\u00fcr das digitale Archiv - Stadtarchiv Graz","og_description":"[et_pb_section fb_built=&#8220;1&#8243; _builder_version=&#8220;4.9.1&#8243; _module_preset=&#8220;default&#8220;][et_pb_row _builder_version=&#8220;4.9.1&#8243; _module_preset=&#8220;default&#8220;][et_pb_column type=&#8220;4_4&#8243; _builder_version=&#8220;4.9.1&#8243; _module_preset=&#8220;default&#8220;][et_pb_text admin_label=&#8220;Header&#8220; _builder_version=&#8220;4.9.1&#8243; _module_preset=&#8220;default&#8220;] Fit f\u00fcr das digitale Archiv [\/et_pb_text][et_pb_image src=&#8220;https:\/\/www.grazmuseum.at\/stadtarchiv\/wp-content\/uploads\/sites\/2\/2023\/04\/DialogCity_Master_PowerPoint_1920x1080_01.jpg&#8220; _builder_version=&#8220;4.9.1&#8243; _module_preset=&#8220;default&#8220;][\/et_pb_image][et_pb_text _builder_version=&#8220;4.9.1&#8243; _module_preset=&#8220;default&#8220; hover_enabled=&#8220;0&#8243; sticky_enabled=&#8220;0&#8243;] Wie kann ich meine pers\u00f6nlichen digitalen Daten langfristig sichern und meine digitale Hinterlassenschaft regeln?Diese und weitere Fragen werden in einem Kurs in Kooperation mit der Urania Steiermark behandelt. Ordnung und [&hellip;]","og_url":"https:\/\/www.grazmuseum.at\/stadtarchiv\/fit-fuer-das-digitale-archiv\/","og_site_name":"Stadtarchiv Graz","article_modified_time":"2023-09-27T07:29:34+00:00","twitter_card":"summary_large_image","twitter_misc":{"Gesch\u00e4tzte Lesezeit":"1\u00a0Minute"},"schema":{"@context":"https:\/\/schema.org","@graph":[{"@type":"WebPage","@id":"https:\/\/www.grazmuseum.at\/stadtarchiv\/fit-fuer-das-digitale-archiv\/","url":"https:\/\/www.grazmuseum.at\/stadtarchiv\/fit-fuer-das-digitale-archiv\/","name":"Fit f\u00fcr das digitale Archiv - Stadtarchiv Graz","isPartOf":{"@id":"https:\/\/www.grazmuseum.at\/stadtarchiv\/#website"},"datePublished":"2023-09-27T06:46:36+00:00","dateModified":"2023-09-27T07:29:34+00:00","breadcrumb":{"@id":"https:\/\/www.grazmuseum.at\/stadtarchiv\/fit-fuer-das-digitale-archiv\/#breadcrumb"},"inLanguage":"de","potentialAction":[{"@type":"ReadAction","target":["https:\/\/www.grazmuseum.at\/stadtarchiv\/fit-fuer-das-digitale-archiv\/"]}]},{"@type":"BreadcrumbList","@id":"https:\/\/www.grazmuseum.at\/stadtarchiv\/fit-fuer-das-digitale-archiv\/#breadcrumb","itemListElement":[{"@type":"ListItem","position":1,"name":"Home","item":"https:\/\/www.grazmuseum.at\/stadtarchiv\/"},{"@type":"ListItem","position":2,"name":"Fit f\u00fcr das digitale Archiv"}]},{"@type":"WebSite","@id":"https:\/\/www.grazmuseum.at\/stadtarchiv\/#website","url":"https:\/\/www.grazmuseum.at\/stadtarchiv\/","name":"Stadtarchiv Graz","description":"","potentialAction":[{"@type":"SearchAction","target":{"@type":"EntryPoint","urlTemplate":"https:\/\/www.grazmuseum.at\/stadtarchiv\/?s={search_term_string}"},"query-input":{"@type":"PropertyValueSpecification","valueRequired":true,"valueName":"search_term_string"}}],"inLanguage":"de"}]}},"_links":{"self":[{"href":"https:\/\/www.grazmuseum.at\/stadtarchiv\/wp-json\/wp\/v2\/pages\/2405","targetHints":{"allow":["GET"]}}],"collection":[{"href":"https:\/\/www.grazmuseum.at\/stadtarchiv\/wp-json\/wp\/v2\/pages"}],"about":[{"href":"https:\/\/www.grazmuseum.at\/stadtarchiv\/wp-json\/wp\/v2\/types\/page"}],"author":[{"embeddable":true,"href":"https:\/\/www.grazmuseum.at\/stadtarchiv\/wp-json\/wp\/v2\/users\/2"}],"replies":[{"embeddable":true,"href":"https:\/\/www.grazmuseum.at\/stadtarchiv\/wp-json\/wp\/v2\/comments?post=2405"}],"version-history":[{"count":6,"href":"https:\/\/www.grazmuseum.at\/stadtarchiv\/wp-json\/wp\/v2\/pages\/2405\/revisions"}],"predecessor-version":[{"id":2421,"href":"https:\/\/www.grazmuseum.at\/stadtarchiv\/wp-json\/wp\/v2\/pages\/2405\/revisions\/2421"}],"wp:attachment":[{"href":"https:\/\/www.grazmuseum.at\/stadtarchiv\/wp-json\/wp\/v2\/media?parent=2405"}],"curies":[{"name":"wp","href":"https:\/\/api.w.org\/{rel}","templated":true}]}}