{"id":17,"date":"2018-05-09T21:33:11","date_gmt":"2018-05-09T19:33:11","guid":{"rendered":"https:\/\/www.grazmuseum.at\/stadtarchiv\/?page_id=17"},"modified":"2025-09-11T15:36:42","modified_gmt":"2025-09-11T13:36:42","slug":"benutzung","status":"publish","type":"page","link":"https:\/\/www.grazmuseum.at\/stadtarchiv\/benutzung\/","title":{"rendered":"Benutzung"},"content":{"rendered":"<h1 class=\"wp-block-post-title\">Benutzung<\/h1>\n\n\n<figure class=\"wp-block-image size-full\"><img loading=\"lazy\" decoding=\"async\" width=\"2560\" height=\"1440\" src=\"https:\/\/www.grazmuseum.at\/stadtarchiv\/wp-content\/uploads\/sites\/2\/2024\/02\/07.12.23-Graz_Stadtarchiv_001_c-Sebastian-Reiser_WS-scaled.jpg\" alt=\"Eine Person in einem wei\u00dfen Arbeitsmantel und mit wei\u00dfen Handschuhen packt auf einem Tisch ein historisches Buch aus einer Aufbewahrungsbox. Der Bucheinband sieht sehr als aus, der Buchr\u00fccken ist etwas vesch\u00e4digt.\" class=\"wp-image-2723\" srcset=\"https:\/\/www.grazmuseum.at\/stadtarchiv\/wp-content\/uploads\/sites\/2\/2024\/02\/07.12.23-Graz_Stadtarchiv_001_c-Sebastian-Reiser_WS-scaled.jpg 2560w, https:\/\/www.grazmuseum.at\/stadtarchiv\/wp-content\/uploads\/sites\/2\/2024\/02\/07.12.23-Graz_Stadtarchiv_001_c-Sebastian-Reiser_WS-300x169.jpg 300w, https:\/\/www.grazmuseum.at\/stadtarchiv\/wp-content\/uploads\/sites\/2\/2024\/02\/07.12.23-Graz_Stadtarchiv_001_c-Sebastian-Reiser_WS-1024x576.jpg 1024w, https:\/\/www.grazmuseum.at\/stadtarchiv\/wp-content\/uploads\/sites\/2\/2024\/02\/07.12.23-Graz_Stadtarchiv_001_c-Sebastian-Reiser_WS-768x432.jpg 768w, https:\/\/www.grazmuseum.at\/stadtarchiv\/wp-content\/uploads\/sites\/2\/2024\/02\/07.12.23-Graz_Stadtarchiv_001_c-Sebastian-Reiser_WS-1536x864.jpg 1536w, https:\/\/www.grazmuseum.at\/stadtarchiv\/wp-content\/uploads\/sites\/2\/2024\/02\/07.12.23-Graz_Stadtarchiv_001_c-Sebastian-Reiser_WS-2048x1152.jpg 2048w\" sizes=\"auto, (max-width: 2560px) 100vw, 2560px\" \/><figcaption class=\"wp-element-caption\">Foto: Sebastian Reiser<\/figcaption><\/figure>\n\n\n\n<h2 class=\"wp-block-heading\">Ihre Archivbenutzung vorbereiten<\/h2>\n\n\n\n<p>Bevor Sie zu uns ins Stadtarchiv kommen, sind einige Schritte zu ber\u00fccksichtigen:<\/p>\n\n\n\n<ul class=\"wp-block-list\">\n<li>Nehmen Sie bitte mindestens f\u00fcnf Arbeitstage vor Ihrem geplanten&nbsp;Besuch in unserem Archiv mit uns Kontakt auf. Schildern Sie uns Ihr Anliegen und wir kl\u00e4ren ab, ob sich die von Ihnen gesuchten Unterlagen in unseren Best\u00e4nden befinden. Ist das der Fall, vereinbaren wir einen Termin f\u00fcr Ihre Einsichtnahme.<\/li>\n\n\n\n<li>Sie k\u00f6nnen auch selbst \u00fcber das Grazer Archivinformationssystem&nbsp;<a href=\"https:\/\/gais.graz.at\/\" target=\"_blank\" rel=\"noreferrer noopener\"><strong>GAIS<\/strong>&nbsp;<\/a>in unseren Best\u00e4nden recherchieren und bei Bedarf Fragen zu deren Nutzung stellen.<\/li>\n\n\n\n<li>Nehmen Sie bei Ihrem Besuch in unserem Archiv einen amtlichen Lichtbildausweis mit. Sollten f\u00fcr die Genehmigung Ihrer Einsichtnahme gesonderte Unterlagen notwendig sein, informieren wir Sie vorab dar\u00fcber.<\/li>\n\n\n\n<li>Vor Ort ist es bei Bedarf m\u00f6glich, Unterlagen zu scannen. Im Lesesaal steht Ihnen daf\u00fcr ein Ger\u00e4t (Aufsichtscan) zur Verf\u00fcgung. Bitte nehmen Sie einen USB-Stick f\u00fcr die Speicherung der Daten mit.<\/li>\n<\/ul>\n\n\n\n<p>Das Stadtarchiv ist barrierefrei gestaltet. Am Parkplatz des Stadtarchives gibt es einen Behindertenstellplatz.<\/p>\n\n\n\n<h2 class=\"wp-block-heading\">Bei der Benutzung zu beachten<\/h2>\n\n\n\n<p>Wir sind f\u00fcr die sachgem\u00e4\u00dfe Behandlung der zur Nutzung vorbereiteten Unterlagen verantwortlich. Sie als Benutzer*in teilen diese Verantwortung. Ber\u00fccksichtigen Sie deshalb folgende Richtlinien:<\/p>\n\n\n\n<ol class=\"wp-block-list\">\n<li>Die Archivalien sind mit gr\u00f6\u00dfter Sorgfalt und Schonung zu behandeln. Jede Art von Eintragung ist strengstens verboten. Archivalien d\u00fcrfen nicht als Schreibunterlage und auch nicht als St\u00fctze verwendet werden. Aufgeschlagene Archivalien d\u00fcrfen nicht \u00fcbereinandergelegt werden oder \u00fcber die Tischkante h\u00e4ngen. F\u00fcr Notizen in mitgebrachten Schreibunterlagen sind ausschlie\u00dflich Bleistifte zu verwenden.<\/li>\n\n\n\n<li>Die Ordnung der Archivalien darf nicht ge\u00e4ndert werden; vermeintliche Unstimmigkeiten in der Anordnung sind dem\/der Mitarbeiter*in des Benutzungsdienstes zu melden.<\/li>\n\n\n\n<li>Archivalien sind ausschlie\u00dflich mit sauberen H\u00e4nden zu ber\u00fchren. Auf Archivalien k\u00f6nnen sich gesundheitssch\u00e4dliche Mikroorganismen befinden, jeglicher Kontakt der Finger mit dem Mund oder den Augen ist daher zu vermeiden. Es wird empfohlen vor und nach der Archivaliennutzung die H\u00e4nde zu waschen und zu desinfizieren.<\/li>\n\n\n\n<li>Die Mitnahme bzw. das Verzehren von Speisen und Getr\u00e4nken im Lesesaal, lautes Sprechen und Telefonieren, das Mitf\u00fchren von Tieren oder gef\u00e4hrlichen Gegenst\u00e4nden sind nicht gestattet. Taschen, Schirme und M\u00e4ntel\/Jacken sind in den daf\u00fcr vorgesehenen Spinden im Foyer zu versperren. Die Archivalien sowie B\u00fccher d\u00fcrfen unter keinen Umst\u00e4nden aus dem Lesesaal entfernt werden. Im gesamten Geb\u00e4ude ist Rauchen strikt untersagt.<\/li>\n\n\n\n<li>Bitte beachten Sie, dass das Mitbringen von Hunden ins Archiv nicht erlaubt ist (ausgenommen Assistenzhunde).<\/li>\n\n\n\n<li>Reproduktionen k\u00f6nnen in R\u00fccksprache mit den Mitarbeiter*innen&nbsp;am Aufsicht-Scanner kostenpflichtig oder mit einem Fotoapparat kostenfrei hergestellt werden. Sie k\u00f6nnen Reproduktionen auch bei dem\/der Mitarbeiter*in des Benutzungsdienstes in Auftrag geben. Die Service-Entgelte orientieren sich an der&nbsp;<a href=\"https:\/\/www.graz.at\/cms\/beitrag\/10334996\/9740941\/Tarife_Grazer_Stadtarchiv.html\">Grazer Archivtarifordnung 2019<\/a>.<br>Die Verwendung von Reproduktionen in schriftlichen, audiovisuellen, digitalen oder analogen Erzeugnissen ist schriftlich bei der Archivleitung zu beantragen. Wenn f\u00fcr schriftliche, audiovisuelle, digitale oder analoge Erzeugnisse Archivmaterial des Stadtarchivs direkt (Reproduktionen) oder indirekt (Zitation) herangezogen werden, ist dem Archiv unmittelbar nach Erscheinen unaufgefordert ein Belegexemplar zu \u00fcbermitteln.<\/li>\n\n\n\n<li>Die Archivbibliothek ist eine Pr\u00e4senzbibliothek. B\u00fccher werden im Rahmen der Benutzung vor Ort bereitgestellt; eine Entlehnung ist nicht m\u00f6glich.<\/li>\n<\/ol>\n\n\n\n<p>Im \u00dcbrigen gelangen die Bestimmungen der aktuellen&nbsp;<a href=\"https:\/\/www.graz.at\/cms\/beitrag\/10320322\/9740941\/Archivordnung.html\">Grazer Archivordnung 2019<\/a>&nbsp;zur Anwendung.<\/p>\n\n\n\n<div class=\"wp-block-buttons is-layout-flex wp-block-buttons-is-layout-flex\">\n<div class=\"wp-block-button\"><a class=\"wp-block-button__link wp-element-button\" href=\"https:\/\/digitaleformulare.graz.at\/fs-per\/start.do?generalid=PER_ARCH_AS#\">Bestellung von Bauakten zur Einsichtnahme im Lesesaal<\/a><\/div>\n\n\n\n<div class=\"wp-block-button\"><a class=\"wp-block-button__link wp-element-button\" href=\"https:\/\/digitaleformulare.graz.at\/fs-per\/start.do?generalid=PER_ARCH_AEN#\">Bestellung von Archivgut zur Einsichtnahme im Lesesaal<\/a><\/div>\n<\/div>\n\n\n\n<div style=\"height:100px\" aria-hidden=\"true\" class=\"wp-block-spacer\"><\/div>\n\n\n\n<h2 class=\"wp-block-heading\">Kontakt und \u00d6ffnungszeiten<\/h2>\n\n\n\n<p>Schiffgasse 4<br>8020 Graz<br>+43 316 872-7620<br><a href=\"mailto:stadtarchiv@stadt.graz.at\">stadtarchiv@stadt.graz.at<\/a><br><\/p>\n\n\n\n<p>Montag, Mittwoch, Donnerstag: 8-12 Uhr und Dienstag: 8-16 Uhr<br>(ausgenommen Feiertage)<br>Der Lesesaal befindet sich im 3. Stock und ist \u00fcber den Lift erreichbar.<br>Fahrradabstellpl\u00e4tze und ein Behindertenparkplatz sind vorhanden.<\/p>\n\n\n\n<div style=\"height:100px\" aria-hidden=\"true\" class=\"wp-block-spacer\"><\/div>\n","protected":false},"excerpt":{"rendered":"<p>Ihre Archivbenutzung vorbereiten Bevor Sie zu uns ins Stadtarchiv kommen, sind einige Schritte zu ber\u00fccksichtigen: Das Stadtarchiv ist barrierefrei gestaltet. Am Parkplatz des Stadtarchives gibt es einen Behindertenstellplatz. Bei der Benutzung zu beachten Wir sind f\u00fcr die sachgem\u00e4\u00dfe Behandlung der zur Nutzung vorbereiteten Unterlagen verantwortlich. Sie als Benutzer*in teilen diese Verantwortung. Ber\u00fccksichtigen Sie deshalb folgende [&hellip;]<\/p>\n","protected":false},"author":1,"featured_media":0,"parent":0,"menu_order":0,"comment_status":"closed","ping_status":"closed","template":"","meta":{"_acf_changed":false,"footnotes":""},"class_list":["post-17","page","type-page","status-publish","hentry"],"acf":[],"yoast_head":"<!-- This site is optimized with the Yoast SEO plugin v26.5 - https:\/\/yoast.com\/wordpress\/plugins\/seo\/ -->\n<title>Benutzung - Stadtarchiv Graz<\/title>\n<meta name=\"robots\" content=\"index, follow, max-snippet:-1, max-image-preview:large, max-video-preview:-1\" \/>\n<link rel=\"canonical\" href=\"https:\/\/www.grazmuseum.at\/stadtarchiv\/benutzung\/\" \/>\n<meta property=\"og:locale\" content=\"de_DE\" \/>\n<meta property=\"og:type\" content=\"article\" \/>\n<meta property=\"og:title\" content=\"Benutzung - Stadtarchiv Graz\" \/>\n<meta property=\"og:description\" content=\"Ihre Archivbenutzung vorbereiten Bevor Sie zu uns ins Stadtarchiv kommen, sind einige Schritte zu ber\u00fccksichtigen: Das Stadtarchiv ist barrierefrei gestaltet. Am Parkplatz des Stadtarchives gibt es einen Behindertenstellplatz. Bei der Benutzung zu beachten Wir sind f\u00fcr die sachgem\u00e4\u00dfe Behandlung der zur Nutzung vorbereiteten Unterlagen verantwortlich. Sie als Benutzer*in teilen diese Verantwortung. Ber\u00fccksichtigen Sie deshalb folgende [&hellip;]\" \/>\n<meta property=\"og:url\" content=\"https:\/\/www.grazmuseum.at\/stadtarchiv\/benutzung\/\" \/>\n<meta property=\"og:site_name\" content=\"Stadtarchiv Graz\" \/>\n<meta property=\"article:modified_time\" content=\"2025-09-11T13:36:42+00:00\" \/>\n<meta property=\"og:image\" content=\"https:\/\/www.grazmuseum.at\/stadtarchiv\/wp-content\/uploads\/sites\/2\/2024\/02\/07.12.23-Graz_Stadtarchiv_001_c-Sebastian-Reiser_WS-scaled.jpg\" \/>\n<meta name=\"twitter:card\" content=\"summary_large_image\" \/>\n<meta name=\"twitter:label1\" content=\"Gesch\u00e4tzte Lesezeit\" \/>\n\t<meta name=\"twitter:data1\" content=\"4\u00a0Minuten\" \/>\n<script type=\"application\/ld+json\" class=\"yoast-schema-graph\">{\"@context\":\"https:\/\/schema.org\",\"@graph\":[{\"@type\":\"WebPage\",\"@id\":\"https:\/\/www.grazmuseum.at\/stadtarchiv\/benutzung\/\",\"url\":\"https:\/\/www.grazmuseum.at\/stadtarchiv\/benutzung\/\",\"name\":\"Benutzung - Stadtarchiv Graz\",\"isPartOf\":{\"@id\":\"https:\/\/www.grazmuseum.at\/stadtarchiv\/#website\"},\"primaryImageOfPage\":{\"@id\":\"https:\/\/www.grazmuseum.at\/stadtarchiv\/benutzung\/#primaryimage\"},\"image\":{\"@id\":\"https:\/\/www.grazmuseum.at\/stadtarchiv\/benutzung\/#primaryimage\"},\"thumbnailUrl\":\"https:\/\/www.grazmuseum.at\/stadtarchiv\/wp-content\/uploads\/sites\/2\/2024\/02\/07.12.23-Graz_Stadtarchiv_001_c-Sebastian-Reiser_WS-scaled.jpg\",\"datePublished\":\"2018-05-09T19:33:11+00:00\",\"dateModified\":\"2025-09-11T13:36:42+00:00\",\"breadcrumb\":{\"@id\":\"https:\/\/www.grazmuseum.at\/stadtarchiv\/benutzung\/#breadcrumb\"},\"inLanguage\":\"de\",\"potentialAction\":[{\"@type\":\"ReadAction\",\"target\":[\"https:\/\/www.grazmuseum.at\/stadtarchiv\/benutzung\/\"]}]},{\"@type\":\"ImageObject\",\"inLanguage\":\"de\",\"@id\":\"https:\/\/www.grazmuseum.at\/stadtarchiv\/benutzung\/#primaryimage\",\"url\":\"https:\/\/www.grazmuseum.at\/stadtarchiv\/wp-content\/uploads\/sites\/2\/2024\/02\/07.12.23-Graz_Stadtarchiv_001_c-Sebastian-Reiser_WS-scaled.jpg\",\"contentUrl\":\"https:\/\/www.grazmuseum.at\/stadtarchiv\/wp-content\/uploads\/sites\/2\/2024\/02\/07.12.23-Graz_Stadtarchiv_001_c-Sebastian-Reiser_WS-scaled.jpg\",\"width\":2560,\"height\":1440,\"caption\":\"Foto: Sebastian Reiser\"},{\"@type\":\"BreadcrumbList\",\"@id\":\"https:\/\/www.grazmuseum.at\/stadtarchiv\/benutzung\/#breadcrumb\",\"itemListElement\":[{\"@type\":\"ListItem\",\"position\":1,\"name\":\"Home\",\"item\":\"https:\/\/www.grazmuseum.at\/stadtarchiv\/\"},{\"@type\":\"ListItem\",\"position\":2,\"name\":\"Benutzung\"}]},{\"@type\":\"WebSite\",\"@id\":\"https:\/\/www.grazmuseum.at\/stadtarchiv\/#website\",\"url\":\"https:\/\/www.grazmuseum.at\/stadtarchiv\/\",\"name\":\"Stadtarchiv Graz\",\"description\":\"\",\"potentialAction\":[{\"@type\":\"SearchAction\",\"target\":{\"@type\":\"EntryPoint\",\"urlTemplate\":\"https:\/\/www.grazmuseum.at\/stadtarchiv\/?s={search_term_string}\"},\"query-input\":{\"@type\":\"PropertyValueSpecification\",\"valueRequired\":true,\"valueName\":\"search_term_string\"}}],\"inLanguage\":\"de\"}]}<\/script>\n<!-- \/ Yoast SEO plugin. -->","yoast_head_json":{"title":"Benutzung - Stadtarchiv Graz","robots":{"index":"index","follow":"follow","max-snippet":"max-snippet:-1","max-image-preview":"max-image-preview:large","max-video-preview":"max-video-preview:-1"},"canonical":"https:\/\/www.grazmuseum.at\/stadtarchiv\/benutzung\/","og_locale":"de_DE","og_type":"article","og_title":"Benutzung - Stadtarchiv Graz","og_description":"Ihre Archivbenutzung vorbereiten Bevor Sie zu uns ins Stadtarchiv kommen, sind einige Schritte zu ber\u00fccksichtigen: Das Stadtarchiv ist barrierefrei gestaltet. Am Parkplatz des Stadtarchives gibt es einen Behindertenstellplatz. Bei der Benutzung zu beachten Wir sind f\u00fcr die sachgem\u00e4\u00dfe Behandlung der zur Nutzung vorbereiteten Unterlagen verantwortlich. Sie als Benutzer*in teilen diese Verantwortung. Ber\u00fccksichtigen Sie deshalb folgende [&hellip;]","og_url":"https:\/\/www.grazmuseum.at\/stadtarchiv\/benutzung\/","og_site_name":"Stadtarchiv Graz","article_modified_time":"2025-09-11T13:36:42+00:00","og_image":[{"url":"https:\/\/www.grazmuseum.at\/stadtarchiv\/wp-content\/uploads\/sites\/2\/2024\/02\/07.12.23-Graz_Stadtarchiv_001_c-Sebastian-Reiser_WS-scaled.jpg","type":"","width":"","height":""}],"twitter_card":"summary_large_image","twitter_misc":{"Gesch\u00e4tzte Lesezeit":"4\u00a0Minuten"},"schema":{"@context":"https:\/\/schema.org","@graph":[{"@type":"WebPage","@id":"https:\/\/www.grazmuseum.at\/stadtarchiv\/benutzung\/","url":"https:\/\/www.grazmuseum.at\/stadtarchiv\/benutzung\/","name":"Benutzung - Stadtarchiv Graz","isPartOf":{"@id":"https:\/\/www.grazmuseum.at\/stadtarchiv\/#website"},"primaryImageOfPage":{"@id":"https:\/\/www.grazmuseum.at\/stadtarchiv\/benutzung\/#primaryimage"},"image":{"@id":"https:\/\/www.grazmuseum.at\/stadtarchiv\/benutzung\/#primaryimage"},"thumbnailUrl":"https:\/\/www.grazmuseum.at\/stadtarchiv\/wp-content\/uploads\/sites\/2\/2024\/02\/07.12.23-Graz_Stadtarchiv_001_c-Sebastian-Reiser_WS-scaled.jpg","datePublished":"2018-05-09T19:33:11+00:00","dateModified":"2025-09-11T13:36:42+00:00","breadcrumb":{"@id":"https:\/\/www.grazmuseum.at\/stadtarchiv\/benutzung\/#breadcrumb"},"inLanguage":"de","potentialAction":[{"@type":"ReadAction","target":["https:\/\/www.grazmuseum.at\/stadtarchiv\/benutzung\/"]}]},{"@type":"ImageObject","inLanguage":"de","@id":"https:\/\/www.grazmuseum.at\/stadtarchiv\/benutzung\/#primaryimage","url":"https:\/\/www.grazmuseum.at\/stadtarchiv\/wp-content\/uploads\/sites\/2\/2024\/02\/07.12.23-Graz_Stadtarchiv_001_c-Sebastian-Reiser_WS-scaled.jpg","contentUrl":"https:\/\/www.grazmuseum.at\/stadtarchiv\/wp-content\/uploads\/sites\/2\/2024\/02\/07.12.23-Graz_Stadtarchiv_001_c-Sebastian-Reiser_WS-scaled.jpg","width":2560,"height":1440,"caption":"Foto: Sebastian Reiser"},{"@type":"BreadcrumbList","@id":"https:\/\/www.grazmuseum.at\/stadtarchiv\/benutzung\/#breadcrumb","itemListElement":[{"@type":"ListItem","position":1,"name":"Home","item":"https:\/\/www.grazmuseum.at\/stadtarchiv\/"},{"@type":"ListItem","position":2,"name":"Benutzung"}]},{"@type":"WebSite","@id":"https:\/\/www.grazmuseum.at\/stadtarchiv\/#website","url":"https:\/\/www.grazmuseum.at\/stadtarchiv\/","name":"Stadtarchiv Graz","description":"","potentialAction":[{"@type":"SearchAction","target":{"@type":"EntryPoint","urlTemplate":"https:\/\/www.grazmuseum.at\/stadtarchiv\/?s={search_term_string}"},"query-input":{"@type":"PropertyValueSpecification","valueRequired":true,"valueName":"search_term_string"}}],"inLanguage":"de"}]}},"_links":{"self":[{"href":"https:\/\/www.grazmuseum.at\/stadtarchiv\/wp-json\/wp\/v2\/pages\/17","targetHints":{"allow":["GET"]}}],"collection":[{"href":"https:\/\/www.grazmuseum.at\/stadtarchiv\/wp-json\/wp\/v2\/pages"}],"about":[{"href":"https:\/\/www.grazmuseum.at\/stadtarchiv\/wp-json\/wp\/v2\/types\/page"}],"author":[{"embeddable":true,"href":"https:\/\/www.grazmuseum.at\/stadtarchiv\/wp-json\/wp\/v2\/users\/1"}],"replies":[{"embeddable":true,"href":"https:\/\/www.grazmuseum.at\/stadtarchiv\/wp-json\/wp\/v2\/comments?post=17"}],"version-history":[{"count":22,"href":"https:\/\/www.grazmuseum.at\/stadtarchiv\/wp-json\/wp\/v2\/pages\/17\/revisions"}],"predecessor-version":[{"id":3332,"href":"https:\/\/www.grazmuseum.at\/stadtarchiv\/wp-json\/wp\/v2\/pages\/17\/revisions\/3332"}],"wp:attachment":[{"href":"https:\/\/www.grazmuseum.at\/stadtarchiv\/wp-json\/wp\/v2\/media?parent=17"}],"curies":[{"name":"wp","href":"https:\/\/api.w.org\/{rel}","templated":true}]}}