{"id":545,"date":"2021-05-07T10:14:39","date_gmt":"2021-05-07T08:14:39","guid":{"rendered":"https:\/\/www.grazmuseum.at\/datenfeld\/?page_id=545"},"modified":"2021-08-18T15:34:17","modified_gmt":"2021-08-18T13:34:17","slug":"videos","status":"publish","type":"page","link":"https:\/\/www.grazmuseum.at\/datenfeld\/videos\/","title":{"rendered":"Videos"},"content":{"rendered":"<p>[et_pb_section fb_built=&#8221;1&#8243; _builder_version=&#8221;4.9.1&#8243; _module_preset=&#8221;default&#8221;][et_pb_row _builder_version=&#8221;4.9.1&#8243; _module_preset=&#8221;default&#8221;][et_pb_column type=&#8221;4_4&#8243; _builder_version=&#8221;4.9.1&#8243; _module_preset=&#8221;default&#8221;][et_pb_text admin_label=&#8221;Diskussion_1_Weibel_Hershman&#8221; _builder_version=&#8221;4.9.1&#8243; _module_preset=&#8221;default&#8221;]<\/p>\n<h2>Daten, Licht und Schatten \u2013 Postdigitale Visionen f\u00fcr 2050<\/h2>\n<p><strong>Online-Diskussion mit Lynn Hershman Leeson, Peter Weibel und Peter Ranta\u0161a, moderiert von Sarah Kriesche<\/strong><\/p>\n<p>[\/et_pb_text][et_pb_video src=&#8221;https:\/\/youtu.be\/O0krBtC7oDw&#8221; _builder_version=&#8221;4.9.1&#8243; _module_preset=&#8221;default&#8221;][\/et_pb_video][\/et_pb_column][\/et_pb_row][et_pb_row _builder_version=&#8221;4.9.1&#8243; _module_preset=&#8221;default&#8221;][et_pb_column type=&#8221;4_4&#8243; _builder_version=&#8221;4.9.1&#8243; _module_preset=&#8221;default&#8221;][et_pb_text _builder_version=&#8221;4.9.1&#8243; _module_preset=&#8221;default&#8221;]<\/p>\n<h2>Die digitale Stadt \u2013 Visionen f\u00fcr 2050<\/h2>\n<p>Diskussion mit Peter M\u00f6rtenb\u00f6ck und Helge Mooshammer sowie Peter Ranta\u0161a und Otto Hochreiter, moderiert von Michael Rieper<\/p>\n<p>[\/et_pb_text][et_pb_video src=&#8221;https:\/\/youtu.be\/vquusCx07mU&#8221; _builder_version=&#8221;4.9.1&#8243; _module_preset=&#8221;default&#8221;][\/et_pb_video][\/et_pb_column][\/et_pb_row][et_pb_row _builder_version=&#8221;4.9.1&#8243; _module_preset=&#8221;default&#8221; collapsed=&#8221;off&#8221;][et_pb_column type=&#8221;4_4&#8243; _builder_version=&#8221;4.9.1&#8243; _module_preset=&#8221;default&#8221;][et_pb_text _builder_version=&#8221;4.9.1&#8243; _module_preset=&#8221;default&#8221;]<\/p>\n<h2>Technik entwerfen &#8211; Visionen f\u00fcr 2050<\/h2>\n<p>Diskussion mit Dirk Helbig, mit einer Pr\u00e4sentation von Hans Peter Schn\u00f6ll im Schumpeter Labor f\u00fcr Innovation<\/p>\n<p>[\/et_pb_text][et_pb_video src=&#8221;https:\/\/youtu.be\/Pk98DFw-5SY&#8221; _builder_version=&#8221;4.9.1&#8243; _module_preset=&#8221;default&#8221;][\/et_pb_video][\/et_pb_column][\/et_pb_row][et_pb_row _builder_version=&#8221;4.9.1&#8243; _module_preset=&#8221;default&#8221;][et_pb_column type=&#8221;4_4&#8243; _builder_version=&#8221;4.9.1&#8243; _module_preset=&#8221;default&#8221;][et_pb_text admin_label=&#8221;Text&#8221; _builder_version=&#8221;4.9.1&#8243; _module_preset=&#8221;default&#8221;]<\/p>\n<h2>H\u00e4user entwerfen &#8211; Visionen f\u00fcr 2050<\/h2>\n<p>Diskussion mit Ivica Brnic im Graz Museum<\/p>\n<p>[\/et_pb_text][et_pb_video src=&#8221;https:\/\/youtu.be\/-vO69M6tv2o&#8221; admin_label=&#8221;Video&#8221; _builder_version=&#8221;4.9.1&#8243; _module_preset=&#8221;default&#8221;][\/et_pb_video][\/et_pb_column][\/et_pb_row][et_pb_row _builder_version=&#8221;4.9.1&#8243; _module_preset=&#8221;default&#8221; locked=&#8221;off&#8221;][et_pb_column type=&#8221;4_4&#8243; _builder_version=&#8221;4.9.1&#8243; _module_preset=&#8221;default&#8221;][et_pb_text admin_label=&#8221;Text&#8221; _builder_version=&#8221;4.9.1&#8243; _module_preset=&#8221;default&#8221;]<\/p>\n<h2>Sex entwerfen &#8211; Visionen f\u00fcr 2050<\/h2>\n<p>Diskussion mit Jordan Pascoe, bei den RosaLila PanterInnen<\/p>\n<p>[\/et_pb_text][et_pb_video src=&#8221;https:\/\/www.youtube.com\/watch?v=KMwYVoaMSgY&#8221; admin_label=&#8221;Video&#8221; _builder_version=&#8221;4.9.1&#8243; _module_preset=&#8221;default&#8221;][\/et_pb_video][\/et_pb_column][\/et_pb_row][et_pb_row _builder_version=&#8221;4.9.1&#8243; _module_preset=&#8221;default&#8221; locked=&#8221;off&#8221;][et_pb_column type=&#8221;4_4&#8243; _builder_version=&#8221;4.9.1&#8243; _module_preset=&#8221;default&#8221;][et_pb_text admin_label=&#8221;Text&#8221; _builder_version=&#8221;4.9.1&#8243; _module_preset=&#8221;default&#8221;]<\/p>\n<h2>K\u00f6rper entwerfen &#8211; Visionen f\u00fcr 2050<\/h2>\n<p>Diskussion mit Emaunel Gollob im Graz Museum<\/p>\n<p>[\/et_pb_text][et_pb_video src=&#8221;https:\/\/youtu.be\/y72Ni68tZwY&#8221; admin_label=&#8221;Video&#8221; _builder_version=&#8221;4.9.1&#8243; _module_preset=&#8221;default&#8221;][\/et_pb_video][\/et_pb_column][\/et_pb_row][et_pb_row _builder_version=&#8221;4.9.1&#8243; _module_preset=&#8221;default&#8221; locked=&#8221;off&#8221;][et_pb_column type=&#8221;4_4&#8243; _builder_version=&#8221;4.9.1&#8243; _module_preset=&#8221;default&#8221;][et_pb_text admin_label=&#8221;Text&#8221; _builder_version=&#8221;4.9.1&#8243; _module_preset=&#8221;default&#8221;]<\/p>\n<h2>Kinder und Familie entwerfen &#8211; Visionen f\u00fcr 2050<\/h2>\n<p>Diskussion mit Matthias Kutschera und Pupuze Berber mit Videopr\u00e4sentation von Niki Passath im Graz Museum<\/p>\n<p>[\/et_pb_text][et_pb_video src=&#8221;https:\/\/youtu.be\/7ZBMxbR1VqE&#8221; admin_label=&#8221;Video&#8221; _builder_version=&#8221;4.9.1&#8243; _module_preset=&#8221;default&#8221;][\/et_pb_video][\/et_pb_column][\/et_pb_row][et_pb_row _builder_version=&#8221;4.9.1&#8243; _module_preset=&#8221;default&#8221; locked=&#8221;off&#8221;][et_pb_column type=&#8221;4_4&#8243; _builder_version=&#8221;4.9.1&#8243; _module_preset=&#8221;default&#8221;][et_pb_text admin_label=&#8221;Text&#8221; _builder_version=&#8221;4.9.1&#8243; _module_preset=&#8221;default&#8221; hover_enabled=&#8221;0&#8243; sticky_enabled=&#8221;0&#8243;]<\/p>\n<h2>Arbeit entwerfen &#8211; Visionen f\u00fcr 2050<\/h2>\n<p>Diskussion mit Guy Standing im Spacelend<\/p>\n<p>[\/et_pb_text][et_pb_video src=&#8221;https:\/\/youtu.be\/_nP1df7wCyY&#8221; admin_label=&#8221;Video&#8221; _builder_version=&#8221;4.9.1&#8243; _module_preset=&#8221;default&#8221;][\/et_pb_video][\/et_pb_column][\/et_pb_row][et_pb_row _builder_version=&#8221;4.9.1&#8243; _module_preset=&#8221;default&#8221; hover_enabled=&#8221;0&#8243; locked=&#8221;off&#8221; sticky_enabled=&#8221;0&#8243;][et_pb_column type=&#8221;4_4&#8243; _builder_version=&#8221;4.9.1&#8243; _module_preset=&#8221;default&#8221;][et_pb_text admin_label=&#8221;Text&#8221; _builder_version=&#8221;4.9.1&#8243; _module_preset=&#8221;default&#8221;]<\/p>\n<h2>Feiern und Konsiderieren<\/h2>\n<p>Abschlussveranstaltung im Graz Museum Schlossberg<\/p>\n<p>[\/et_pb_text][et_pb_video src=&#8221;https:\/\/youtu.be\/Ar0d7H-mPbQ&#8221; admin_label=&#8221;Video&#8221; _builder_version=&#8221;4.9.1&#8243; _module_preset=&#8221;default&#8221; hover_enabled=&#8221;0&#8243; sticky_enabled=&#8221;0&#8243;][\/et_pb_video][\/et_pb_column][\/et_pb_row][et_pb_row _builder_version=&#8221;4.9.1&#8243; _module_preset=&#8221;default&#8221; hover_enabled=&#8221;0&#8243; locked=&#8221;off&#8221; sticky_enabled=&#8221;0&#8243;][et_pb_column type=&#8221;4_4&#8243; _builder_version=&#8221;4.9.1&#8243; _module_preset=&#8221;default&#8221;][et_pb_text admin_label=&#8221;Text&#8221; _builder_version=&#8221;4.9.1&#8243; _module_preset=&#8221;default&#8221; hover_enabled=&#8221;0&#8243; sticky_enabled=&#8221;0&#8243;]<\/p>\n<h2 class=\"title style-scope ytd-video-primary-info-renderer\">ENTWERFEN, ENTFERNEN, ENTLEEREN (ENTARTEN, ENTFALLEN, ENTERN)<\/h2>\n<p>Ann Cotten und Peter Rantasa stellen im Rahmen des Elevate Festival in Ankn\u00fcpfung an die Ausstellung &#8220;Die Stadt als Datenfeld&#8221; aktuelle Utopien und vision\u00e4re Praxen vor<\/p>\n<p>[\/et_pb_text][et_pb_video src=&#8221;https:\/\/youtu.be\/zvPBN1v5oHc&#8221; admin_label=&#8221;Video&#8221; _builder_version=&#8221;4.9.1&#8243; _module_preset=&#8221;default&#8221; hover_enabled=&#8221;0&#8243; sticky_enabled=&#8221;0&#8243;][\/et_pb_video][\/et_pb_column][\/et_pb_row][\/et_pb_section]<\/p>\n","protected":false},"excerpt":{"rendered":"[et_pb_section fb_built=&#8221;1&#8243; _builder_version=&#8221;4.9.1&#8243; _module_preset=&#8221;default&#8221;][et_pb_row _builder_version=&#8221;4.9.1&#8243; _module_preset=&#8221;default&#8221;][et_pb_column type=&#8221;4_4&#8243; _builder_version=&#8221;4.9.1&#8243; _module_preset=&#8221;default&#8221;][et_pb_text admin_label=&#8221;Diskussion_1_Weibel_Hershman&#8221; _builder_version=&#8221;4.9.1&#8243; _module_preset=&#8221;default&#8221;] Daten, Licht und Schatten \u2013 Postdigitale Visionen f\u00fcr 2050 Online-Diskussion mit Lynn Hershman Leeson, Peter Weibel und Peter Ranta\u0161a, moderiert von Sarah Kriesche [\/et_pb_text][et_pb_video src=&#8221;https:\/\/youtu.be\/O0krBtC7oDw&#8221; _builder_version=&#8221;4.9.1&#8243; _module_preset=&#8221;default&#8221;][\/et_pb_video][\/et_pb_column][\/et_pb_row][et_pb_row _builder_version=&#8221;4.9.1&#8243; _module_preset=&#8221;default&#8221;][et_pb_column type=&#8221;4_4&#8243; _builder_version=&#8221;4.9.1&#8243; _module_preset=&#8221;default&#8221;][et_pb_text _builder_version=&#8221;4.9.1&#8243; _module_preset=&#8221;default&#8221;] Die digitale Stadt \u2013 Visionen f\u00fcr 2050 Diskussion mit&#8230; <a class=\"view-article\" href=\"https:\/\/www.grazmuseum.at\/datenfeld\/videos\/\">View Article<\/a>","protected":false},"author":2,"featured_media":0,"parent":0,"menu_order":0,"comment_status":"closed","ping_status":"closed","template":"template-datenfeld-subpage-light.php","meta":{"_acf_changed":false,"_et_pb_use_builder":"on","_et_pb_old_content":"","_et_gb_content_width":"","footnotes":""},"class_list":["post-545","page","type-page","status-publish","hentry"],"acf":[],"yoast_head":"<!-- This site is optimized with the Yoast SEO plugin v26.5 - https:\/\/yoast.com\/wordpress\/plugins\/seo\/ -->\n<title>Videos - Datenfeld Festival | GrazMuseum<\/title>\n<meta name=\"robots\" content=\"index, follow, max-snippet:-1, max-image-preview:large, max-video-preview:-1\" \/>\n<link rel=\"canonical\" href=\"https:\/\/www.grazmuseum.at\/datenfeld\/videos\/\" \/>\n<meta property=\"og:locale\" content=\"en_US\" \/>\n<meta property=\"og:type\" content=\"article\" \/>\n<meta property=\"og:title\" content=\"Videos - Datenfeld Festival | GrazMuseum\" \/>\n<meta property=\"og:description\" content=\"[et_pb_section fb_built=&#8221;1&#8243; _builder_version=&#8221;4.9.1&#8243; _module_preset=&#8221;default&#8221;][et_pb_row _builder_version=&#8221;4.9.1&#8243; _module_preset=&#8221;default&#8221;][et_pb_column type=&#8221;4_4&#8243; _builder_version=&#8221;4.9.1&#8243; _module_preset=&#8221;default&#8221;][et_pb_text admin_label=&#8221;Diskussion_1_Weibel_Hershman&#8221; _builder_version=&#8221;4.9.1&#8243; _module_preset=&#8221;default&#8221;] Daten, Licht und Schatten \u2013 Postdigitale Visionen f\u00fcr 2050 Online-Diskussion mit Lynn Hershman Leeson, Peter Weibel und Peter Ranta\u0161a, moderiert von Sarah Kriesche [\/et_pb_text][et_pb_video src=&#8221;https:\/\/youtu.be\/O0krBtC7oDw&#8221; _builder_version=&#8221;4.9.1&#8243; _module_preset=&#8221;default&#8221;][\/et_pb_video][\/et_pb_column][\/et_pb_row][et_pb_row _builder_version=&#8221;4.9.1&#8243; _module_preset=&#8221;default&#8221;][et_pb_column type=&#8221;4_4&#8243; _builder_version=&#8221;4.9.1&#8243; _module_preset=&#8221;default&#8221;][et_pb_text _builder_version=&#8221;4.9.1&#8243; _module_preset=&#8221;default&#8221;] Die digitale Stadt \u2013 Visionen f\u00fcr 2050 Diskussion mit... View Article\" \/>\n<meta property=\"og:url\" content=\"https:\/\/www.grazmuseum.at\/datenfeld\/videos\/\" \/>\n<meta property=\"og:site_name\" content=\"Datenfeld Festival | GrazMuseum\" \/>\n<meta property=\"article:modified_time\" content=\"2021-08-18T13:34:17+00:00\" \/>\n<meta name=\"twitter:card\" content=\"summary_large_image\" \/>\n<meta name=\"twitter:label1\" content=\"Est. reading time\" \/>\n\t<meta name=\"twitter:data1\" content=\"4 minutes\" \/>\n<script type=\"application\/ld+json\" class=\"yoast-schema-graph\">{\"@context\":\"https:\/\/schema.org\",\"@graph\":[{\"@type\":\"WebPage\",\"@id\":\"https:\/\/www.grazmuseum.at\/datenfeld\/videos\/\",\"url\":\"https:\/\/www.grazmuseum.at\/datenfeld\/videos\/\",\"name\":\"Videos - Datenfeld Festival | GrazMuseum\",\"isPartOf\":{\"@id\":\"https:\/\/www.grazmuseum.at\/datenfeld\/#website\"},\"datePublished\":\"2021-05-07T08:14:39+00:00\",\"dateModified\":\"2021-08-18T13:34:17+00:00\",\"breadcrumb\":{\"@id\":\"https:\/\/www.grazmuseum.at\/datenfeld\/videos\/#breadcrumb\"},\"inLanguage\":\"en-US\",\"potentialAction\":[{\"@type\":\"ReadAction\",\"target\":[\"https:\/\/www.grazmuseum.at\/datenfeld\/videos\/\"]}]},{\"@type\":\"BreadcrumbList\",\"@id\":\"https:\/\/www.grazmuseum.at\/datenfeld\/videos\/#breadcrumb\",\"itemListElement\":[{\"@type\":\"ListItem\",\"position\":1,\"name\":\"Startseite\",\"item\":\"https:\/\/www.grazmuseum.at\/datenfeld\/\"},{\"@type\":\"ListItem\",\"position\":2,\"name\":\"Videos\"}]},{\"@type\":\"WebSite\",\"@id\":\"https:\/\/www.grazmuseum.at\/datenfeld\/#website\",\"url\":\"https:\/\/www.grazmuseum.at\/datenfeld\/\",\"name\":\"Datenfeld Festival | GrazMuseum\",\"description\":\"\",\"potentialAction\":[{\"@type\":\"SearchAction\",\"target\":{\"@type\":\"EntryPoint\",\"urlTemplate\":\"https:\/\/www.grazmuseum.at\/datenfeld\/?s={search_term_string}\"},\"query-input\":{\"@type\":\"PropertyValueSpecification\",\"valueRequired\":true,\"valueName\":\"search_term_string\"}}],\"inLanguage\":\"en-US\"}]}<\/script>\n<!-- \/ Yoast SEO plugin. -->","yoast_head_json":{"title":"Videos - Datenfeld Festival | GrazMuseum","robots":{"index":"index","follow":"follow","max-snippet":"max-snippet:-1","max-image-preview":"max-image-preview:large","max-video-preview":"max-video-preview:-1"},"canonical":"https:\/\/www.grazmuseum.at\/datenfeld\/videos\/","og_locale":"en_US","og_type":"article","og_title":"Videos - Datenfeld Festival | GrazMuseum","og_description":"[et_pb_section fb_built=&#8221;1&#8243; _builder_version=&#8221;4.9.1&#8243; _module_preset=&#8221;default&#8221;][et_pb_row _builder_version=&#8221;4.9.1&#8243; _module_preset=&#8221;default&#8221;][et_pb_column type=&#8221;4_4&#8243; _builder_version=&#8221;4.9.1&#8243; _module_preset=&#8221;default&#8221;][et_pb_text admin_label=&#8221;Diskussion_1_Weibel_Hershman&#8221; _builder_version=&#8221;4.9.1&#8243; _module_preset=&#8221;default&#8221;] Daten, Licht und Schatten \u2013 Postdigitale Visionen f\u00fcr 2050 Online-Diskussion mit Lynn Hershman Leeson, Peter Weibel und Peter Ranta\u0161a, moderiert von Sarah Kriesche [\/et_pb_text][et_pb_video src=&#8221;https:\/\/youtu.be\/O0krBtC7oDw&#8221; _builder_version=&#8221;4.9.1&#8243; _module_preset=&#8221;default&#8221;][\/et_pb_video][\/et_pb_column][\/et_pb_row][et_pb_row _builder_version=&#8221;4.9.1&#8243; _module_preset=&#8221;default&#8221;][et_pb_column type=&#8221;4_4&#8243; _builder_version=&#8221;4.9.1&#8243; _module_preset=&#8221;default&#8221;][et_pb_text _builder_version=&#8221;4.9.1&#8243; _module_preset=&#8221;default&#8221;] Die digitale Stadt \u2013 Visionen f\u00fcr 2050 Diskussion mit... View Article","og_url":"https:\/\/www.grazmuseum.at\/datenfeld\/videos\/","og_site_name":"Datenfeld Festival | GrazMuseum","article_modified_time":"2021-08-18T13:34:17+00:00","twitter_card":"summary_large_image","twitter_misc":{"Est. reading time":"4 minutes"},"schema":{"@context":"https:\/\/schema.org","@graph":[{"@type":"WebPage","@id":"https:\/\/www.grazmuseum.at\/datenfeld\/videos\/","url":"https:\/\/www.grazmuseum.at\/datenfeld\/videos\/","name":"Videos - Datenfeld Festival | GrazMuseum","isPartOf":{"@id":"https:\/\/www.grazmuseum.at\/datenfeld\/#website"},"datePublished":"2021-05-07T08:14:39+00:00","dateModified":"2021-08-18T13:34:17+00:00","breadcrumb":{"@id":"https:\/\/www.grazmuseum.at\/datenfeld\/videos\/#breadcrumb"},"inLanguage":"en-US","potentialAction":[{"@type":"ReadAction","target":["https:\/\/www.grazmuseum.at\/datenfeld\/videos\/"]}]},{"@type":"BreadcrumbList","@id":"https:\/\/www.grazmuseum.at\/datenfeld\/videos\/#breadcrumb","itemListElement":[{"@type":"ListItem","position":1,"name":"Startseite","item":"https:\/\/www.grazmuseum.at\/datenfeld\/"},{"@type":"ListItem","position":2,"name":"Videos"}]},{"@type":"WebSite","@id":"https:\/\/www.grazmuseum.at\/datenfeld\/#website","url":"https:\/\/www.grazmuseum.at\/datenfeld\/","name":"Datenfeld Festival | GrazMuseum","description":"","potentialAction":[{"@type":"SearchAction","target":{"@type":"EntryPoint","urlTemplate":"https:\/\/www.grazmuseum.at\/datenfeld\/?s={search_term_string}"},"query-input":{"@type":"PropertyValueSpecification","valueRequired":true,"valueName":"search_term_string"}}],"inLanguage":"en-US"}]}},"_links":{"self":[{"href":"https:\/\/www.grazmuseum.at\/datenfeld\/wp-json\/wp\/v2\/pages\/545","targetHints":{"allow":["GET"]}}],"collection":[{"href":"https:\/\/www.grazmuseum.at\/datenfeld\/wp-json\/wp\/v2\/pages"}],"about":[{"href":"https:\/\/www.grazmuseum.at\/datenfeld\/wp-json\/wp\/v2\/types\/page"}],"author":[{"embeddable":true,"href":"https:\/\/www.grazmuseum.at\/datenfeld\/wp-json\/wp\/v2\/users\/2"}],"replies":[{"embeddable":true,"href":"https:\/\/www.grazmuseum.at\/datenfeld\/wp-json\/wp\/v2\/comments?post=545"}],"version-history":[{"count":14,"href":"https:\/\/www.grazmuseum.at\/datenfeld\/wp-json\/wp\/v2\/pages\/545\/revisions"}],"predecessor-version":[{"id":685,"href":"https:\/\/www.grazmuseum.at\/datenfeld\/wp-json\/wp\/v2\/pages\/545\/revisions\/685"}],"wp:attachment":[{"href":"https:\/\/www.grazmuseum.at\/datenfeld\/wp-json\/wp\/v2\/media?parent=545"}],"curies":[{"name":"wp","href":"https:\/\/api.w.org\/{rel}","templated":true}]}}