{"id":40,"date":"2021-03-11T19:45:19","date_gmt":"2021-03-11T18:45:19","guid":{"rendered":"https:\/\/www.grazmuseum.at\/datenfeld\/?page_id=40"},"modified":"2021-06-28T11:29:37","modified_gmt":"2021-06-28T09:29:37","slug":"kinder-entwerfen","status":"publish","type":"page","link":"https:\/\/www.grazmuseum.at\/datenfeld\/festivalausstellung\/kinder-entwerfen\/","title":{"rendered":"Kinder entwerfen"},"content":{"rendered":"<p>[et_pb_section fb_built=&#8221;1&#8243; _builder_version=&#8221;4.5.7&#8243; _module_preset=&#8221;default&#8221;][et_pb_row _builder_version=&#8221;4.5.7&#8243; _module_preset=&#8221;default&#8221;][et_pb_column type=&#8221;4_4&#8243; _builder_version=&#8221;4.5.7&#8243; _module_preset=&#8221;default&#8221;][et_pb_text admin_label=&#8221;Header_Kinder entwerfen&#8221; _builder_version=&#8221;4.5.7&#8243; _module_preset=&#8221;default&#8221;]<\/p>\n<h1>Kinder entwerfen<\/h1>\n<p>[\/et_pb_text][et_pb_text admin_label=&#8221;Frage_Kinder entwerfen&#8221; _builder_version=&#8221;4.5.7&#8243; _module_preset=&#8221;default&#8221;]<\/p>\n<div class=\"page\" title=\"Page 4\">\n<div class=\"layoutArea\">\n<div class=\"column\">\n<h2>Kinder sind die Zukunft der neuen Gesellschaft. Was m\u00f6chtest du ihnen weitergeben?<\/h2>\n<\/div>\n<\/div>\n<\/div>\n<p>[\/et_pb_text][et_pb_text _builder_version=&#8221;4.5.7&#8243; _module_preset=&#8221;default&#8221;]<\/p>\n<p>Unsere Kinder werden in Datenfelder geboren. Wir haben die Verantwortung.<\/p>\n<p>Du bist die Quelle und das Vorbild.<\/p>\n<p>[\/et_pb_text][\/et_pb_column][\/et_pb_row][et_pb_row _builder_version=&#8221;4.9.1&#8243; _module_preset=&#8221;default&#8221;][et_pb_column _builder_version=&#8221;4.9.1&#8243; _module_preset=&#8221;default&#8221; type=&#8221;4_4&#8243;][et_pb_video _builder_version=&#8221;4.9.1&#8243; _module_preset=&#8221;default&#8221; src=&#8221;https:\/\/youtu.be\/__jhdwIoPCk&#8221; hover_enabled=&#8221;0&#8243; sticky_enabled=&#8221;0&#8243;][\/et_pb_video][\/et_pb_column][\/et_pb_row][et_pb_row column_structure=&#8221;1_3,2_3&#8243; module_class=&#8221;raum11 read-more&#8221; _builder_version=&#8221;4.5.7&#8243; _module_preset=&#8221;f0363faf-ba98-4eb9-947a-eb96b5e37552&#8243;][et_pb_column type=&#8221;1_3&#8243; _builder_version=&#8221;4.5.7&#8243; _module_preset=&#8221;default&#8221;][et_pb_text admin_label=&#8221;Infobox: K\u00fcnstliche Intelligenz und Maschienenlernen&#8221; _builder_version=&#8221;4.5.7&#8243; _module_preset=&#8221;default&#8221;]<\/p>\n<h2>K\u00fcnstliche Intelligenz und Maschinenlernen<\/h2>\n<h3>Ich sehe was, was du nicht siehst!<\/h3>\n<p>[\/et_pb_text][\/et_pb_column][et_pb_column type=&#8221;2_3&#8243; _builder_version=&#8221;4.5.7&#8243; _module_preset=&#8221;default&#8221;][et_pb_text _builder_version=&#8221;4.5.7&#8243; _module_preset=&#8221;default&#8221;]<\/p>\n<p>Der Begriff \u201eK\u00fcnstliche Intelligenz\u201c (KI) ist eine \u00dcbersetzung der englischen Wortform \u201eartificial intelligence\u201c (AI). Wegweisend f\u00fcr die AI-Forschung war die Dartmouth Konferenz 1956, mit pr\u00e4genden Pionieren wie Marvin Minsky oder Claude Shannon. Die KI-Entwicklung ist eng mit der Konstruktion elektronischer Digitalcomputer verbunden. Deren Grundlagen wurden von Konrad Zuse und John von Neumann noch im Zweiten Weltkrieg gelegt. 1950 ver\u00f6ffentlichte Alan Turing einen f\u00fcr die Computer- und KI-Technik wegweisenden Aufsatz, in dem er die Frage nach denkenden Maschinen aufwarf und seinen ber\u00fchmten Turing-Test vorstellte. <\/p>\n<p>[\/et_pb_text][et_pb_text _builder_version=&#8221;4.5.7&#8243; _module_preset=&#8221;default&#8221;]<\/p>\n<p>Aus heutiger Sicht stellt sich der Begriff \u201eK\u00fcnstliche Intelligenz\u201c in zweierlei Hinsicht als problematisch dar: Erstens geht er auf eine irref\u00fchrende \u00dcbersetzung zur\u00fcck, meint \u201eartificial intelligence\u201c doch genau genommen \u201etechnische Informationsverarbeitung\u201c. Menschliche oder nat\u00fcrliche Intelligenz muss \u00fcberhaupt nicht imitiert oder \u00fcbertroffen werden.<\/p>\n<p>Zweitens wurde das Konzept der AI\/KI ab den 1980er-Jahren zunehmend von Technologien verdr\u00e4ngt, die wir heute als \u201emaschinelles Lernen\u201c und \u201ek\u00fcnstliche neuronale Netzwerke\u201c kennen. Im Gegensatz zur KI der 1950er-Jahre werden diese nicht mehr top-down programmiert, sondern fu\u00dfen auf Verfahren informationsverarbeitender Selbstorganisation. Demnach bilden Programme Schicht f\u00fcr Schicht und Knoten f\u00fcr Knoten ein Entscheidungsnetz auf Grundlage von Trainingsdaten aus. Bottom-up, durch die Analyse von Abermillionen Bilddaten, optimieren sich k\u00fcnstliche neuronale Netzwerke selbst, um mit steigender Wahrscheinlichkeit Voraussagen erstellen zu k\u00f6nnen. Das zunehmende Problem dabei: Es handelt sich zwar immer noch um Technologien, die auf Grundlage mathematischer Formeln funktionieren, die einmal von Menschen bewiesen wurden. Jedoch erscheint maschinelles Lernen als eine Blackbox. Es kann kaum noch ein Mensch nachvollziehen, welche mathematischen Modelle ein k\u00fcnstliches neuronales Netzwerk hervorbringt. Rufe nach Transparenz werden lauter, um verantwortungsvoll mit diesen Technologien umgehen zu k\u00f6nnen.<\/p>\n<p>[\/et_pb_text][\/et_pb_column][\/et_pb_row][\/et_pb_section]<\/p>\n","protected":false},"excerpt":{"rendered":"[et_pb_section fb_built=&#8221;1&#8243; _builder_version=&#8221;4.5.7&#8243; _module_preset=&#8221;default&#8221;][et_pb_row _builder_version=&#8221;4.5.7&#8243; _module_preset=&#8221;default&#8221;][et_pb_column type=&#8221;4_4&#8243; _builder_version=&#8221;4.5.7&#8243; _module_preset=&#8221;default&#8221;][et_pb_text admin_label=&#8221;Header_Kinder entwerfen&#8221; _builder_version=&#8221;4.5.7&#8243; _module_preset=&#8221;default&#8221;] Kinder entwerfen [\/et_pb_text][et_pb_text admin_label=&#8221;Frage_Kinder entwerfen&#8221; _builder_version=&#8221;4.5.7&#8243; _module_preset=&#8221;default&#8221;] Kinder sind die Zukunft der neuen Gesellschaft. Was m\u00f6chtest du ihnen weitergeben? [\/et_pb_text][et_pb_text _builder_version=&#8221;4.5.7&#8243; _module_preset=&#8221;default&#8221;] Unsere Kinder werden in Datenfelder geboren. Wir haben die Verantwortung. Du bist die Quelle und das Vorbild. [\/et_pb_text][\/et_pb_column][\/et_pb_row][et_pb_row _builder_version=&#8221;4.9.1&#8243; _module_preset=&#8221;default&#8221;][et_pb_column&#8230; <a class=\"view-article\" href=\"https:\/\/www.grazmuseum.at\/datenfeld\/festivalausstellung\/kinder-entwerfen\/\">View Article<\/a>","protected":false},"author":1,"featured_media":0,"parent":2,"menu_order":0,"comment_status":"closed","ping_status":"closed","template":"template-datenfeld-subpage-dark.php","meta":{"_acf_changed":false,"_et_pb_use_builder":"on","_et_pb_old_content":"","_et_gb_content_width":"","footnotes":""},"class_list":["post-40","page","type-page","status-publish","hentry"],"acf":[],"yoast_head":"<!-- This site is optimized with the Yoast SEO plugin v26.5 - https:\/\/yoast.com\/wordpress\/plugins\/seo\/ -->\n<title>Kinder entwerfen - Datenfeld Festival | GrazMuseum<\/title>\n<meta name=\"robots\" content=\"index, follow, max-snippet:-1, max-image-preview:large, max-video-preview:-1\" \/>\n<link rel=\"canonical\" href=\"https:\/\/www.grazmuseum.at\/datenfeld\/festivalausstellung\/kinder-entwerfen\/\" \/>\n<meta property=\"og:locale\" content=\"en_US\" \/>\n<meta property=\"og:type\" content=\"article\" \/>\n<meta property=\"og:title\" content=\"Kinder entwerfen - Datenfeld Festival | GrazMuseum\" \/>\n<meta property=\"og:description\" content=\"[et_pb_section fb_built=&#8221;1&#8243; _builder_version=&#8221;4.5.7&#8243; _module_preset=&#8221;default&#8221;][et_pb_row _builder_version=&#8221;4.5.7&#8243; _module_preset=&#8221;default&#8221;][et_pb_column type=&#8221;4_4&#8243; _builder_version=&#8221;4.5.7&#8243; _module_preset=&#8221;default&#8221;][et_pb_text admin_label=&#8221;Header_Kinder entwerfen&#8221; _builder_version=&#8221;4.5.7&#8243; _module_preset=&#8221;default&#8221;] Kinder entwerfen [\/et_pb_text][et_pb_text admin_label=&#8221;Frage_Kinder entwerfen&#8221; _builder_version=&#8221;4.5.7&#8243; _module_preset=&#8221;default&#8221;] Kinder sind die Zukunft der neuen Gesellschaft. Was m\u00f6chtest du ihnen weitergeben? [\/et_pb_text][et_pb_text _builder_version=&#8221;4.5.7&#8243; _module_preset=&#8221;default&#8221;] Unsere Kinder werden in Datenfelder geboren. Wir haben die Verantwortung. Du bist die Quelle und das Vorbild. [\/et_pb_text][\/et_pb_column][\/et_pb_row][et_pb_row _builder_version=&#8221;4.9.1&#8243; _module_preset=&#8221;default&#8221;][et_pb_column... View Article\" \/>\n<meta property=\"og:url\" content=\"https:\/\/www.grazmuseum.at\/datenfeld\/festivalausstellung\/kinder-entwerfen\/\" \/>\n<meta property=\"og:site_name\" content=\"Datenfeld Festival | GrazMuseum\" \/>\n<meta property=\"article:modified_time\" content=\"2021-06-28T09:29:37+00:00\" \/>\n<meta name=\"twitter:card\" content=\"summary_large_image\" \/>\n<meta name=\"twitter:label1\" content=\"Est. reading time\" \/>\n\t<meta name=\"twitter:data1\" content=\"3 minutes\" \/>\n<script type=\"application\/ld+json\" class=\"yoast-schema-graph\">{\"@context\":\"https:\/\/schema.org\",\"@graph\":[{\"@type\":\"WebPage\",\"@id\":\"https:\/\/www.grazmuseum.at\/datenfeld\/festivalausstellung\/kinder-entwerfen\/\",\"url\":\"https:\/\/www.grazmuseum.at\/datenfeld\/festivalausstellung\/kinder-entwerfen\/\",\"name\":\"Kinder entwerfen - Datenfeld Festival | GrazMuseum\",\"isPartOf\":{\"@id\":\"https:\/\/www.grazmuseum.at\/datenfeld\/#website\"},\"datePublished\":\"2021-03-11T18:45:19+00:00\",\"dateModified\":\"2021-06-28T09:29:37+00:00\",\"breadcrumb\":{\"@id\":\"https:\/\/www.grazmuseum.at\/datenfeld\/festivalausstellung\/kinder-entwerfen\/#breadcrumb\"},\"inLanguage\":\"en-US\",\"potentialAction\":[{\"@type\":\"ReadAction\",\"target\":[\"https:\/\/www.grazmuseum.at\/datenfeld\/festivalausstellung\/kinder-entwerfen\/\"]}]},{\"@type\":\"BreadcrumbList\",\"@id\":\"https:\/\/www.grazmuseum.at\/datenfeld\/festivalausstellung\/kinder-entwerfen\/#breadcrumb\",\"itemListElement\":[{\"@type\":\"ListItem\",\"position\":1,\"name\":\"Startseite\",\"item\":\"https:\/\/www.grazmuseum.at\/datenfeld\/\"},{\"@type\":\"ListItem\",\"position\":2,\"name\":\"Festivalausstellung\",\"item\":\"https:\/\/www.grazmuseum.at\/datenfeld\/\"},{\"@type\":\"ListItem\",\"position\":3,\"name\":\"Kinder entwerfen\"}]},{\"@type\":\"WebSite\",\"@id\":\"https:\/\/www.grazmuseum.at\/datenfeld\/#website\",\"url\":\"https:\/\/www.grazmuseum.at\/datenfeld\/\",\"name\":\"Datenfeld Festival | GrazMuseum\",\"description\":\"\",\"potentialAction\":[{\"@type\":\"SearchAction\",\"target\":{\"@type\":\"EntryPoint\",\"urlTemplate\":\"https:\/\/www.grazmuseum.at\/datenfeld\/?s={search_term_string}\"},\"query-input\":{\"@type\":\"PropertyValueSpecification\",\"valueRequired\":true,\"valueName\":\"search_term_string\"}}],\"inLanguage\":\"en-US\"}]}<\/script>\n<!-- \/ Yoast SEO plugin. -->","yoast_head_json":{"title":"Kinder entwerfen - Datenfeld Festival | GrazMuseum","robots":{"index":"index","follow":"follow","max-snippet":"max-snippet:-1","max-image-preview":"max-image-preview:large","max-video-preview":"max-video-preview:-1"},"canonical":"https:\/\/www.grazmuseum.at\/datenfeld\/festivalausstellung\/kinder-entwerfen\/","og_locale":"en_US","og_type":"article","og_title":"Kinder entwerfen - Datenfeld Festival | GrazMuseum","og_description":"[et_pb_section fb_built=&#8221;1&#8243; _builder_version=&#8221;4.5.7&#8243; _module_preset=&#8221;default&#8221;][et_pb_row _builder_version=&#8221;4.5.7&#8243; _module_preset=&#8221;default&#8221;][et_pb_column type=&#8221;4_4&#8243; _builder_version=&#8221;4.5.7&#8243; _module_preset=&#8221;default&#8221;][et_pb_text admin_label=&#8221;Header_Kinder entwerfen&#8221; _builder_version=&#8221;4.5.7&#8243; _module_preset=&#8221;default&#8221;] Kinder entwerfen [\/et_pb_text][et_pb_text admin_label=&#8221;Frage_Kinder entwerfen&#8221; _builder_version=&#8221;4.5.7&#8243; _module_preset=&#8221;default&#8221;] Kinder sind die Zukunft der neuen Gesellschaft. Was m\u00f6chtest du ihnen weitergeben? [\/et_pb_text][et_pb_text _builder_version=&#8221;4.5.7&#8243; _module_preset=&#8221;default&#8221;] Unsere Kinder werden in Datenfelder geboren. Wir haben die Verantwortung. Du bist die Quelle und das Vorbild. [\/et_pb_text][\/et_pb_column][\/et_pb_row][et_pb_row _builder_version=&#8221;4.9.1&#8243; _module_preset=&#8221;default&#8221;][et_pb_column... View Article","og_url":"https:\/\/www.grazmuseum.at\/datenfeld\/festivalausstellung\/kinder-entwerfen\/","og_site_name":"Datenfeld Festival | GrazMuseum","article_modified_time":"2021-06-28T09:29:37+00:00","twitter_card":"summary_large_image","twitter_misc":{"Est. reading time":"3 minutes"},"schema":{"@context":"https:\/\/schema.org","@graph":[{"@type":"WebPage","@id":"https:\/\/www.grazmuseum.at\/datenfeld\/festivalausstellung\/kinder-entwerfen\/","url":"https:\/\/www.grazmuseum.at\/datenfeld\/festivalausstellung\/kinder-entwerfen\/","name":"Kinder entwerfen - Datenfeld Festival | GrazMuseum","isPartOf":{"@id":"https:\/\/www.grazmuseum.at\/datenfeld\/#website"},"datePublished":"2021-03-11T18:45:19+00:00","dateModified":"2021-06-28T09:29:37+00:00","breadcrumb":{"@id":"https:\/\/www.grazmuseum.at\/datenfeld\/festivalausstellung\/kinder-entwerfen\/#breadcrumb"},"inLanguage":"en-US","potentialAction":[{"@type":"ReadAction","target":["https:\/\/www.grazmuseum.at\/datenfeld\/festivalausstellung\/kinder-entwerfen\/"]}]},{"@type":"BreadcrumbList","@id":"https:\/\/www.grazmuseum.at\/datenfeld\/festivalausstellung\/kinder-entwerfen\/#breadcrumb","itemListElement":[{"@type":"ListItem","position":1,"name":"Startseite","item":"https:\/\/www.grazmuseum.at\/datenfeld\/"},{"@type":"ListItem","position":2,"name":"Festivalausstellung","item":"https:\/\/www.grazmuseum.at\/datenfeld\/"},{"@type":"ListItem","position":3,"name":"Kinder entwerfen"}]},{"@type":"WebSite","@id":"https:\/\/www.grazmuseum.at\/datenfeld\/#website","url":"https:\/\/www.grazmuseum.at\/datenfeld\/","name":"Datenfeld Festival | GrazMuseum","description":"","potentialAction":[{"@type":"SearchAction","target":{"@type":"EntryPoint","urlTemplate":"https:\/\/www.grazmuseum.at\/datenfeld\/?s={search_term_string}"},"query-input":{"@type":"PropertyValueSpecification","valueRequired":true,"valueName":"search_term_string"}}],"inLanguage":"en-US"}]}},"_links":{"self":[{"href":"https:\/\/www.grazmuseum.at\/datenfeld\/wp-json\/wp\/v2\/pages\/40","targetHints":{"allow":["GET"]}}],"collection":[{"href":"https:\/\/www.grazmuseum.at\/datenfeld\/wp-json\/wp\/v2\/pages"}],"about":[{"href":"https:\/\/www.grazmuseum.at\/datenfeld\/wp-json\/wp\/v2\/types\/page"}],"author":[{"embeddable":true,"href":"https:\/\/www.grazmuseum.at\/datenfeld\/wp-json\/wp\/v2\/users\/1"}],"replies":[{"embeddable":true,"href":"https:\/\/www.grazmuseum.at\/datenfeld\/wp-json\/wp\/v2\/comments?post=40"}],"version-history":[{"count":15,"href":"https:\/\/www.grazmuseum.at\/datenfeld\/wp-json\/wp\/v2\/pages\/40\/revisions"}],"predecessor-version":[{"id":585,"href":"https:\/\/www.grazmuseum.at\/datenfeld\/wp-json\/wp\/v2\/pages\/40\/revisions\/585"}],"up":[{"embeddable":true,"href":"https:\/\/www.grazmuseum.at\/datenfeld\/wp-json\/wp\/v2\/pages\/2"}],"wp:attachment":[{"href":"https:\/\/www.grazmuseum.at\/datenfeld\/wp-json\/wp\/v2\/media?parent=40"}],"curies":[{"name":"wp","href":"https:\/\/api.w.org\/{rel}","templated":true}]}}