{"id":19,"date":"2021-03-11T19:41:23","date_gmt":"2021-03-11T18:41:23","guid":{"rendered":"https:\/\/www.grazmuseum.at\/datenfeld\/?page_id=19"},"modified":"2021-07-27T11:29:29","modified_gmt":"2021-07-27T09:29:29","slug":"die-welt-als-datenfeld","status":"publish","type":"page","link":"https:\/\/www.grazmuseum.at\/datenfeld\/festivalausstellung\/die-welt-als-datenfeld\/","title":{"rendered":"Die Welt als Datenfeld"},"content":{"rendered":"<p>[et_pb_section fb_built=&#8221;1&#8243; _builder_version=&#8221;4.5.7&#8243; _module_preset=&#8221;default&#8221;][et_pb_row _builder_version=&#8221;4.5.7&#8243; _module_preset=&#8221;default&#8221;][et_pb_column type=&#8221;4_4&#8243; _builder_version=&#8221;4.5.7&#8243; _module_preset=&#8221;default&#8221;][et_pb_text _builder_version=&#8221;4.5.7&#8243; _module_preset=&#8221;default&#8221;]<\/p>\n<p>Die gro\u00dfe Zahl von elektronischen Schnittstellen wie Smartphones, Computer oder Bildschirme in Arztpraxen, Wohnungen, B\u00fcros, an B\u00f6rsen, Flugh\u00e4fen und Bahnh\u00f6fen, welche die Menschen t\u00e4glich umgeben, zeigt deutlich, dass die Navigation mithilfe von Sonne, Mond und Sternen schon seit langem durch satellitengest\u00fctzte Navigation und andere Instrumente ersetzt wurde. Der Mensch im digitalen Zeitalter navigiert nicht mehr anhand der Sterne und dem Lauf der Sonne, sondern l\u00e4sst sich von digitalen Ger\u00e4ten leiten, die ihre Informationen von Mobilfunkmasten am Horizont und Satelliten am Himmel bekommen. Die Installation Die Welt als Datenfeld konfrontiert uns auf \u00fcbersteigerte Weise mit diesem Datenfeld, das uns rund um die Uhr umgibt.<\/p>\n<p>Datenfelder sind omnipr\u00e4sent. Alle Informationen, die sich durch unsere Interaktionen im Netz und in der realen Welt ergeben, sammeln sich auf den 20 Bildschirmen.<\/p>\n<p>[\/et_pb_text][\/et_pb_column][\/et_pb_row][et_pb_row column_structure=&#8221;1_3,2_3&#8243; _builder_version=&#8221;4.5.7&#8243; _module_preset=&#8221;default&#8221;][et_pb_column type=&#8221;1_3&#8243; _builder_version=&#8221;4.5.7&#8243; _module_preset=&#8221;default&#8221;][et_pb_text admin_label=&#8221;L\u00f6lkes&#8221; _builder_version=&#8221;4.5.7&#8243; _module_preset=&#8221;default&#8221;]<\/p>\n<h2>Christian L\u00f6lkes<\/h2>\n<p>[\/et_pb_text][\/et_pb_column][et_pb_column type=&#8221;2_3&#8243; _builder_version=&#8221;4.5.7&#8243; _module_preset=&#8221;default&#8221;][et_pb_text _builder_version=&#8221;4.5.7&#8243; _module_preset=&#8221;default&#8221;]<\/p>\n<p>Christian L\u00f6lkes (*1990) studiert Elektro- und Informationstechnik am Karlsruher Institut f\u00fcr Technologie (KIT) und arbeitet am ZKM | Karlsruhe in der k\u00fcnstlerischen Produktion und Forschung am Hertz-Labor. Am Bildungs- und Ausstellungsexperiment Open Codes am ZKM war er als wissenschaftlicher Berater, K\u00fcnstler und Kurator beteiligt. Er ist aktives Mitglied im Entropia e. V. \u2013 Chaos Computer Club Karlsruhe und engagiert sich dort im Rahmen der Gulaschprogrammiernacht zu Fragen der Verbindung zwischen Code und Kunst. Christian L\u00f6lkes lebt und arbeitet in Karlsruhe.<\/p>\n<p>[\/et_pb_text][\/et_pb_column][\/et_pb_row][et_pb_row column_structure=&#8221;1_3,2_3&#8243; _builder_version=&#8221;4.5.7&#8243; _module_preset=&#8221;default&#8221;][et_pb_column type=&#8221;1_3&#8243; _builder_version=&#8221;4.5.7&#8243; _module_preset=&#8221;default&#8221;][et_pb_text admin_label=&#8221;Weibel&#8221; _builder_version=&#8221;4.5.7&#8243; _module_preset=&#8221;default&#8221;]<\/p>\n<h2>Peter Weibel<\/h2>\n<p>[\/et_pb_text][\/et_pb_column][et_pb_column type=&#8221;2_3&#8243; _builder_version=&#8221;4.5.7&#8243; _module_preset=&#8221;default&#8221;][et_pb_text _builder_version=&#8221;4.5.7&#8243; _module_preset=&#8221;default&#8221;]<\/p>\n<p>Peter Weibel ist k\u00fcnstlerisch-wissenschaftlicher Vorstand des ZKM | Zentrum f\u00fcr Kunst und Medien in Karlsruhe sowie Direktor des Peter Weibel Forschungsinstituts f\u00fcr digitale Kulturen an der Universit\u00e4t f\u00fcr angewandte Kunst Wien. Seine vielf\u00e4ltigen Aktivit\u00e4ten als K\u00fcnstler, Kurator und Nomade zwischen Kunst und Wissenschaft zeichnen ihn als zentralen Akteur der europ\u00e4ischen Medienkunst aus. Er war Professor f\u00fcr Video und Digitale Kunst an der State University of New York\/Buffalo (1984\u20131989), Gr\u00fcndungsdirektor des Instituts f\u00fcr Neue Medien der St\u00e4delschule in Frankfurt\/Main (1989\u20131994), \u00d6sterreichs Kommiss\u00e4r der Biennale von Venedig (1993\u20131999) und Chefkurator der Neuen Galerie Graz (1993\u20131998). Er leitete u.a. die Ars Electronica in Linz (1986\u20131995), die Biennale von Sevilla (BIACS3, 2008) sowie die 4. Moskau Biennale f\u00fcr zeitgen\u00f6ssische Kunst (2011). Publikationen u.a.: <em>Enzyklop\u00e4die der Medien<\/em>. 6 Bde. Ostfildern, seit 2015.<br \/><a href=\"http:\/\/peter-weibel.at\/index.php?option=com_content&amp;view=article&amp;id=6&amp;Itemid=40\">www.peter-weibel.at<\/a><\/p>\n<p>[\/et_pb_text][\/et_pb_column][\/et_pb_row][\/et_pb_section][et_pb_section fb_built=&#8221;1&#8243; _builder_version=&#8221;4.9.1&#8243; _module_preset=&#8221;default&#8221;][et_pb_row _builder_version=&#8221;4.9.1&#8243; _module_preset=&#8221;default&#8221;][et_pb_column _builder_version=&#8221;4.9.1&#8243; _module_preset=&#8221;default&#8221; type=&#8221;4_4&#8243;][et_pb_video _builder_version=&#8221;4.9.1&#8243; _module_preset=&#8221;default&#8221; src=&#8221;https:\/\/youtu.be\/eQeTqH8Xzy8&#8243; hover_enabled=&#8221;0&#8243; sticky_enabled=&#8221;0&#8243;][\/et_pb_video][\/et_pb_column][\/et_pb_row][\/et_pb_section]<\/p>\n","protected":false},"excerpt":{"rendered":"[et_pb_section fb_built=&#8221;1&#8243; _builder_version=&#8221;4.5.7&#8243; _module_preset=&#8221;default&#8221;][et_pb_row _builder_version=&#8221;4.5.7&#8243; _module_preset=&#8221;default&#8221;][et_pb_column type=&#8221;4_4&#8243; _builder_version=&#8221;4.5.7&#8243; _module_preset=&#8221;default&#8221;][et_pb_text _builder_version=&#8221;4.5.7&#8243; _module_preset=&#8221;default&#8221;] Die gro\u00dfe Zahl von elektronischen Schnittstellen wie Smartphones, Computer oder Bildschirme in Arztpraxen, Wohnungen, B\u00fcros, an B\u00f6rsen, Flugh\u00e4fen und Bahnh\u00f6fen, welche die Menschen t\u00e4glich umgeben, zeigt deutlich, dass die Navigation mithilfe von Sonne, Mond und Sternen schon seit langem durch satellitengest\u00fctzte Navigation und andere&#8230; <a class=\"view-article\" href=\"https:\/\/www.grazmuseum.at\/datenfeld\/festivalausstellung\/die-welt-als-datenfeld\/\">View Article<\/a>","protected":false},"author":1,"featured_media":0,"parent":2,"menu_order":0,"comment_status":"closed","ping_status":"closed","template":"template-datenfeld-subpage-dark.php","meta":{"_acf_changed":false,"_et_pb_use_builder":"on","_et_pb_old_content":"","_et_gb_content_width":"","footnotes":""},"class_list":["post-19","page","type-page","status-publish","hentry"],"acf":[],"yoast_head":"<!-- This site is optimized with the Yoast SEO plugin v26.5 - https:\/\/yoast.com\/wordpress\/plugins\/seo\/ -->\n<title>Die Welt als Datenfeld - Datenfeld Festival | GrazMuseum<\/title>\n<meta name=\"robots\" content=\"index, follow, max-snippet:-1, max-image-preview:large, max-video-preview:-1\" \/>\n<link rel=\"canonical\" href=\"https:\/\/www.grazmuseum.at\/datenfeld\/festivalausstellung\/die-welt-als-datenfeld\/\" \/>\n<meta property=\"og:locale\" content=\"en_US\" \/>\n<meta property=\"og:type\" content=\"article\" \/>\n<meta property=\"og:title\" content=\"Die Welt als Datenfeld - Datenfeld Festival | GrazMuseum\" \/>\n<meta property=\"og:description\" content=\"[et_pb_section fb_built=&#8221;1&#8243; _builder_version=&#8221;4.5.7&#8243; _module_preset=&#8221;default&#8221;][et_pb_row _builder_version=&#8221;4.5.7&#8243; _module_preset=&#8221;default&#8221;][et_pb_column type=&#8221;4_4&#8243; _builder_version=&#8221;4.5.7&#8243; _module_preset=&#8221;default&#8221;][et_pb_text _builder_version=&#8221;4.5.7&#8243; _module_preset=&#8221;default&#8221;] Die gro\u00dfe Zahl von elektronischen Schnittstellen wie Smartphones, Computer oder Bildschirme in Arztpraxen, Wohnungen, B\u00fcros, an B\u00f6rsen, Flugh\u00e4fen und Bahnh\u00f6fen, welche die Menschen t\u00e4glich umgeben, zeigt deutlich, dass die Navigation mithilfe von Sonne, Mond und Sternen schon seit langem durch satellitengest\u00fctzte Navigation und andere... View Article\" \/>\n<meta property=\"og:url\" content=\"https:\/\/www.grazmuseum.at\/datenfeld\/festivalausstellung\/die-welt-als-datenfeld\/\" \/>\n<meta property=\"og:site_name\" content=\"Datenfeld Festival | GrazMuseum\" \/>\n<meta property=\"article:modified_time\" content=\"2021-07-27T09:29:29+00:00\" \/>\n<meta name=\"twitter:card\" content=\"summary_large_image\" \/>\n<meta name=\"twitter:label1\" content=\"Est. reading time\" \/>\n\t<meta name=\"twitter:data1\" content=\"3 minutes\" \/>\n<script type=\"application\/ld+json\" class=\"yoast-schema-graph\">{\"@context\":\"https:\/\/schema.org\",\"@graph\":[{\"@type\":\"WebPage\",\"@id\":\"https:\/\/www.grazmuseum.at\/datenfeld\/festivalausstellung\/die-welt-als-datenfeld\/\",\"url\":\"https:\/\/www.grazmuseum.at\/datenfeld\/festivalausstellung\/die-welt-als-datenfeld\/\",\"name\":\"Die Welt als Datenfeld - Datenfeld Festival | GrazMuseum\",\"isPartOf\":{\"@id\":\"https:\/\/www.grazmuseum.at\/datenfeld\/#website\"},\"datePublished\":\"2021-03-11T18:41:23+00:00\",\"dateModified\":\"2021-07-27T09:29:29+00:00\",\"breadcrumb\":{\"@id\":\"https:\/\/www.grazmuseum.at\/datenfeld\/festivalausstellung\/die-welt-als-datenfeld\/#breadcrumb\"},\"inLanguage\":\"en-US\",\"potentialAction\":[{\"@type\":\"ReadAction\",\"target\":[\"https:\/\/www.grazmuseum.at\/datenfeld\/festivalausstellung\/die-welt-als-datenfeld\/\"]}]},{\"@type\":\"BreadcrumbList\",\"@id\":\"https:\/\/www.grazmuseum.at\/datenfeld\/festivalausstellung\/die-welt-als-datenfeld\/#breadcrumb\",\"itemListElement\":[{\"@type\":\"ListItem\",\"position\":1,\"name\":\"Startseite\",\"item\":\"https:\/\/www.grazmuseum.at\/datenfeld\/\"},{\"@type\":\"ListItem\",\"position\":2,\"name\":\"Festivalausstellung\",\"item\":\"https:\/\/www.grazmuseum.at\/datenfeld\/\"},{\"@type\":\"ListItem\",\"position\":3,\"name\":\"Die Welt als Datenfeld\"}]},{\"@type\":\"WebSite\",\"@id\":\"https:\/\/www.grazmuseum.at\/datenfeld\/#website\",\"url\":\"https:\/\/www.grazmuseum.at\/datenfeld\/\",\"name\":\"Datenfeld Festival | GrazMuseum\",\"description\":\"\",\"potentialAction\":[{\"@type\":\"SearchAction\",\"target\":{\"@type\":\"EntryPoint\",\"urlTemplate\":\"https:\/\/www.grazmuseum.at\/datenfeld\/?s={search_term_string}\"},\"query-input\":{\"@type\":\"PropertyValueSpecification\",\"valueRequired\":true,\"valueName\":\"search_term_string\"}}],\"inLanguage\":\"en-US\"}]}<\/script>\n<!-- \/ Yoast SEO plugin. -->","yoast_head_json":{"title":"Die Welt als Datenfeld - Datenfeld Festival | GrazMuseum","robots":{"index":"index","follow":"follow","max-snippet":"max-snippet:-1","max-image-preview":"max-image-preview:large","max-video-preview":"max-video-preview:-1"},"canonical":"https:\/\/www.grazmuseum.at\/datenfeld\/festivalausstellung\/die-welt-als-datenfeld\/","og_locale":"en_US","og_type":"article","og_title":"Die Welt als Datenfeld - Datenfeld Festival | GrazMuseum","og_description":"[et_pb_section fb_built=&#8221;1&#8243; _builder_version=&#8221;4.5.7&#8243; _module_preset=&#8221;default&#8221;][et_pb_row _builder_version=&#8221;4.5.7&#8243; _module_preset=&#8221;default&#8221;][et_pb_column type=&#8221;4_4&#8243; _builder_version=&#8221;4.5.7&#8243; _module_preset=&#8221;default&#8221;][et_pb_text _builder_version=&#8221;4.5.7&#8243; _module_preset=&#8221;default&#8221;] Die gro\u00dfe Zahl von elektronischen Schnittstellen wie Smartphones, Computer oder Bildschirme in Arztpraxen, Wohnungen, B\u00fcros, an B\u00f6rsen, Flugh\u00e4fen und Bahnh\u00f6fen, welche die Menschen t\u00e4glich umgeben, zeigt deutlich, dass die Navigation mithilfe von Sonne, Mond und Sternen schon seit langem durch satellitengest\u00fctzte Navigation und andere... View Article","og_url":"https:\/\/www.grazmuseum.at\/datenfeld\/festivalausstellung\/die-welt-als-datenfeld\/","og_site_name":"Datenfeld Festival | GrazMuseum","article_modified_time":"2021-07-27T09:29:29+00:00","twitter_card":"summary_large_image","twitter_misc":{"Est. reading time":"3 minutes"},"schema":{"@context":"https:\/\/schema.org","@graph":[{"@type":"WebPage","@id":"https:\/\/www.grazmuseum.at\/datenfeld\/festivalausstellung\/die-welt-als-datenfeld\/","url":"https:\/\/www.grazmuseum.at\/datenfeld\/festivalausstellung\/die-welt-als-datenfeld\/","name":"Die Welt als Datenfeld - Datenfeld Festival | GrazMuseum","isPartOf":{"@id":"https:\/\/www.grazmuseum.at\/datenfeld\/#website"},"datePublished":"2021-03-11T18:41:23+00:00","dateModified":"2021-07-27T09:29:29+00:00","breadcrumb":{"@id":"https:\/\/www.grazmuseum.at\/datenfeld\/festivalausstellung\/die-welt-als-datenfeld\/#breadcrumb"},"inLanguage":"en-US","potentialAction":[{"@type":"ReadAction","target":["https:\/\/www.grazmuseum.at\/datenfeld\/festivalausstellung\/die-welt-als-datenfeld\/"]}]},{"@type":"BreadcrumbList","@id":"https:\/\/www.grazmuseum.at\/datenfeld\/festivalausstellung\/die-welt-als-datenfeld\/#breadcrumb","itemListElement":[{"@type":"ListItem","position":1,"name":"Startseite","item":"https:\/\/www.grazmuseum.at\/datenfeld\/"},{"@type":"ListItem","position":2,"name":"Festivalausstellung","item":"https:\/\/www.grazmuseum.at\/datenfeld\/"},{"@type":"ListItem","position":3,"name":"Die Welt als Datenfeld"}]},{"@type":"WebSite","@id":"https:\/\/www.grazmuseum.at\/datenfeld\/#website","url":"https:\/\/www.grazmuseum.at\/datenfeld\/","name":"Datenfeld Festival | GrazMuseum","description":"","potentialAction":[{"@type":"SearchAction","target":{"@type":"EntryPoint","urlTemplate":"https:\/\/www.grazmuseum.at\/datenfeld\/?s={search_term_string}"},"query-input":{"@type":"PropertyValueSpecification","valueRequired":true,"valueName":"search_term_string"}}],"inLanguage":"en-US"}]}},"_links":{"self":[{"href":"https:\/\/www.grazmuseum.at\/datenfeld\/wp-json\/wp\/v2\/pages\/19","targetHints":{"allow":["GET"]}}],"collection":[{"href":"https:\/\/www.grazmuseum.at\/datenfeld\/wp-json\/wp\/v2\/pages"}],"about":[{"href":"https:\/\/www.grazmuseum.at\/datenfeld\/wp-json\/wp\/v2\/types\/page"}],"author":[{"embeddable":true,"href":"https:\/\/www.grazmuseum.at\/datenfeld\/wp-json\/wp\/v2\/users\/1"}],"replies":[{"embeddable":true,"href":"https:\/\/www.grazmuseum.at\/datenfeld\/wp-json\/wp\/v2\/comments?post=19"}],"version-history":[{"count":12,"href":"https:\/\/www.grazmuseum.at\/datenfeld\/wp-json\/wp\/v2\/pages\/19\/revisions"}],"predecessor-version":[{"id":653,"href":"https:\/\/www.grazmuseum.at\/datenfeld\/wp-json\/wp\/v2\/pages\/19\/revisions\/653"}],"up":[{"embeddable":true,"href":"https:\/\/www.grazmuseum.at\/datenfeld\/wp-json\/wp\/v2\/pages\/2"}],"wp:attachment":[{"href":"https:\/\/www.grazmuseum.at\/datenfeld\/wp-json\/wp\/v2\/media?parent=19"}],"curies":[{"name":"wp","href":"https:\/\/api.w.org\/{rel}","templated":true}]}}