{"id":648,"date":"2022-04-05T15:55:42","date_gmt":"2022-04-05T13:55:42","guid":{"rendered":"https:\/\/www.grazmuseum.at\/antonpaar\/?page_id=648"},"modified":"2022-04-13T13:12:36","modified_gmt":"2022-04-13T11:12:36","slug":"die-ausstellung","status":"publish","type":"page","link":"https:\/\/www.grazmuseum.at\/antonpaar\/die-ausstellung\/","title":{"rendered":"Die Ausstellung"},"content":{"rendered":"<p>[et_pb_section fb_built=&#8220;1&#8243; _builder_version=&#8220;4.9.1&#8243; _module_preset=&#8220;default&#8220;][et_pb_row _builder_version=&#8220;4.9.1&#8243; _module_preset=&#8220;default&#8220;][et_pb_column type=&#8220;4_4&#8243; _builder_version=&#8220;4.9.1&#8243; _module_preset=&#8220;default&#8220;][et_pb_image src=&#8220;https:\/\/www.grazmuseum.at\/antonpaar\/wp-content\/uploads\/sites\/5\/2022\/04\/07.02.22-Graz_Museum-Sackstrasse_60_c-Sebastian-Reiser-scaled.jpg&#8220; title_text=&#8220;07.02.22-Graz_Museum-Sackstrasse_60_(c)-Sebastian-Reiser&#8220; admin_label=&#8220;Headerbild&#8220; module_class=&#8220;ap__grid-element ap__hero row-start-1 row-end-5 row-end-sm-3 col-start-1 col-end-11&#8243; _builder_version=&#8220;4.9.1&#8243; _module_preset=&#8220;default&#8220;][\/et_pb_image][et_pb_text admin_label=&#8220;Header Die Ausstellung&#8220; module_class=&#8220;ap__grid-element ap__hero__h row-start-3 row-end-5 row-end-sm-4 col-start-2 col-end-8&#8243; _builder_version=&#8220;4.9.1&#8243; _module_preset=&#8220;default&#8220;]<\/p>\n<h1>Die<br \/>Ausstellung<\/h1>\n<p>[\/et_pb_text][et_pb_text admin_label=&#8220;Text Einleitung&#8220; module_class=&#8220;ap__grid-element ap__longtext row-start-5 row-end-9 row-end-sm-12 col-start-3 col-end-11&#8243; _builder_version=&#8220;4.9.1&#8243; _module_preset=&#8220;default&#8220;]<\/p>\n<p>Wer misst, erfasst die Welt! Messen ist heute eine wichtige Voraussetzung f\u00fcr Fortschritt und Wohlstand \u2013 und das Grazer Unternehmen Anton Paar liefert hierf\u00fcr seit Jahrzehnten hochpr\u00e4zise Messger\u00e4te. Was 1922 als Schlosserei begann, ist l\u00e4ngst ein famili\u00e4r gef\u00fchrter Weltkonzern. Bei Anton Paar weht ein besonderer Innovationsgeist, der das T\u00fcfteln an Hightech-L\u00f6sungen mit dem urspr\u00fcnglichen Handwerk verbindet. Dieser Geist steht im Zentrum der Ausstellung im Graz Museum: Was macht Anton Paar eigentlich und was macht Anton Paar aus? Was steckt hinter der Welt des Vermessens und Messens?<\/p>\n<p>Mitarbeiter*innen erz\u00e4hlen von der Bedeutung, am technischen und wissenschaftlichen Puls der Zeit zu sein, Ideen zu generieren und diese technisch optimal und innovativ umzusetzen. Sie gew\u00e4hren Einblick, wie Anton Paar in Bereichen wirkt, die auf den ersten Blick vermeintlich wenig mit Messtechnologie zu tun haben. Dar\u00fcber hinaus erz\u00e4hlt die Ausstellung \u00fcber die hundertj\u00e4hrige Tradition des Betriebes, der eng mit der Grazer Geschichte verkn\u00fcpft ist. Graz pr\u00e4gte lange Zeit die Firmengeschichte und -geschicke von Anton Paar, inzwischen pr\u00e4gt Anton Paar als internationaler Konzern umgekehrt auch Graz.<\/p>\n<p>[\/et_pb_text][et_pb_video src=&#8220;https:\/\/youtu.be\/BbZmwJ0jOac&#8220; disabled_on=&#8220;off|off|off&#8220; admin_label=&#8220;Video_Er\u00f6ffnung&#8220; module_class=&#8220;ap__grid-element row-start-10 row-end-14 row-start-sm-13 row-end-sm-15 col-start-2 col-end-9&#8243; _builder_version=&#8220;4.9.1&#8243; _module_preset=&#8220;default&#8220;][\/et_pb_video][et_pb_text admin_label=&#8220;H2 Er\u00f6ffnung&#8220; module_class=&#8220;ap__grid-element ap__h2 row-start-15 row-end-16 row-start-sm-17 row-end-sm-18 col-start-3 col-end-6&#8243; _builder_version=&#8220;4.9.1&#8243; _module_preset=&#8220;default&#8220; hover_enabled=&#8220;0&#8243; sticky_enabled=&#8220;0&#8243;]<\/p>\n<h2>Er\u00f6ffnung<\/h2>\n<p>[\/et_pb_text][et_pb_gallery gallery_ids=&#8220;651,653,655,657,659,661,663,665,667,669&#8243; fullwidth=&#8220;on&#8220; disabled_on=&#8220;off|off|off&#8220; module_class=&#8220;ap__grid-element ap__gallery row-start-16 row-end-20 row-start-sm-18 row-end-sm-20 col-start-3 col-end-10&#8243; _builder_version=&#8220;4.9.1&#8243; _module_preset=&#8220;default&#8220; custom_margin=&#8220;0px|0px|0px|0px|false|false&#8220; custom_padding=&#8220;0px|0px|0px|0px|false|false&#8220; hover_enabled=&#8220;0&#8243; sticky_enabled=&#8220;0&#8243;][\/et_pb_gallery][et_pb_text admin_label=&#8220;H2 Videorundgang&#8220; module_class=&#8220;ap__grid-element ap__h2 row-start-21 row-end-22 row-start-sm-21 row-end-sm-22 col-start-2 col-end-6&#8243; _builder_version=&#8220;4.9.1&#8243; _module_preset=&#8220;default&#8220; hover_enabled=&#8220;0&#8243; sticky_enabled=&#8220;0&#8243;]<\/p>\n<h2>Video-Rundgang<\/h2>\n<p>[\/et_pb_text][et_pb_video src=&#8220;https:\/\/youtu.be\/w69X1QxIJzs&#8220; disabled_on=&#8220;off|off|off&#8220; admin_label=&#8220;Video_Ausstellung&#8220; module_class=&#8220;ap__grid-element row-start-22 row-end-26 row-start-sm-22 row-end-sm-24 col-start-2 col-end-9&#8243; _builder_version=&#8220;4.9.1&#8243; _module_preset=&#8220;default&#8220; hover_enabled=&#8220;0&#8243; sticky_enabled=&#8220;0&#8243;][\/et_pb_video][\/et_pb_column][\/et_pb_row][\/et_pb_section]<\/p>\n","protected":false},"excerpt":{"rendered":"[et_pb_section fb_built=&#8220;1&#8243; _builder_version=&#8220;4.9.1&#8243; _module_preset=&#8220;default&#8220;][et_pb_row _builder_version=&#8220;4.9.1&#8243; _module_preset=&#8220;default&#8220;][et_pb_column type=&#8220;4_4&#8243; _builder_version=&#8220;4.9.1&#8243; _module_preset=&#8220;default&#8220;][et_pb_image src=&#8220;https:\/\/www.grazmuseum.at\/antonpaar\/wp-content\/uploads\/sites\/5\/2022\/04\/07.02.22-Graz_Museum-Sackstrasse_60_c-Sebastian-Reiser-scaled.jpg&#8220; title_text=&#8220;07.02.22-Graz_Museum-Sackstrasse_60_(c)-Sebastian-Reiser&#8220; admin_label=&#8220;Headerbild&#8220; module_class=&#8220;ap__grid-element ap__hero row-start-1 row-end-5 row-end-sm-3 col-start-1 col-end-11&#8243; _builder_version=&#8220;4.9.1&#8243; _module_preset=&#8220;default&#8220;][\/et_pb_image][et_pb_text admin_label=&#8220;Header Die Ausstellung&#8220; module_class=&#8220;ap__grid-element ap__hero__h row-start-3 row-end-5 row-end-sm-4 col-start-2 col-end-8&#8243; _builder_version=&#8220;4.9.1&#8243; _module_preset=&#8220;default&#8220;] DieAusstellung [\/et_pb_text][et_pb_text admin_label=&#8220;Text Einleitung&#8220; module_class=&#8220;ap__grid-element ap__longtext row-start-5 row-end-9 row-end-sm-12 col-start-3 col-end-11&#8243; _builder_version=&#8220;4.9.1&#8243; _module_preset=&#8220;default&#8220;] Wer misst, erfasst die Welt! Messen ist heute eine&#8230; <a class=\"view-article\" href=\"https:\/\/www.grazmuseum.at\/antonpaar\/die-ausstellung\/\">Artikel ansehen<\/a>","protected":false},"author":2,"featured_media":0,"parent":0,"menu_order":0,"comment_status":"closed","ping_status":"closed","template":"template-antonpaar-home.php","meta":{"_acf_changed":false,"_et_pb_use_builder":"on","_et_pb_old_content":"","_et_gb_content_width":"","footnotes":""},"class_list":["post-648","page","type-page","status-publish","hentry"],"acf":[],"yoast_head":"<!-- This site is optimized with the Yoast SEO plugin v26.5 - https:\/\/yoast.com\/wordpress\/plugins\/seo\/ -->\n<title>Die Ausstellung - Anton Paar<\/title>\n<meta name=\"robots\" content=\"index, follow, max-snippet:-1, max-image-preview:large, max-video-preview:-1\" \/>\n<link rel=\"canonical\" href=\"https:\/\/www.grazmuseum.at\/antonpaar\/die-ausstellung\/\" \/>\n<meta property=\"og:locale\" content=\"de_DE\" \/>\n<meta property=\"og:type\" content=\"article\" \/>\n<meta property=\"og:title\" content=\"Die Ausstellung - Anton Paar\" \/>\n<meta property=\"og:description\" content=\"[et_pb_section fb_built=&#8220;1&#8243; _builder_version=&#8220;4.9.1&#8243; _module_preset=&#8220;default&#8220;][et_pb_row _builder_version=&#8220;4.9.1&#8243; _module_preset=&#8220;default&#8220;][et_pb_column type=&#8220;4_4&#8243; _builder_version=&#8220;4.9.1&#8243; _module_preset=&#8220;default&#8220;][et_pb_image src=&#8220;https:\/\/www.grazmuseum.at\/antonpaar\/wp-content\/uploads\/sites\/5\/2022\/04\/07.02.22-Graz_Museum-Sackstrasse_60_c-Sebastian-Reiser-scaled.jpg&#8220; title_text=&#8220;07.02.22-Graz_Museum-Sackstrasse_60_(c)-Sebastian-Reiser&#8220; admin_label=&#8220;Headerbild&#8220; module_class=&#8220;ap__grid-element ap__hero row-start-1 row-end-5 row-end-sm-3 col-start-1 col-end-11&#8243; _builder_version=&#8220;4.9.1&#8243; _module_preset=&#8220;default&#8220;][\/et_pb_image][et_pb_text admin_label=&#8220;Header Die Ausstellung&#8220; module_class=&#8220;ap__grid-element ap__hero__h row-start-3 row-end-5 row-end-sm-4 col-start-2 col-end-8&#8243; _builder_version=&#8220;4.9.1&#8243; _module_preset=&#8220;default&#8220;] DieAusstellung [\/et_pb_text][et_pb_text admin_label=&#8220;Text Einleitung&#8220; module_class=&#8220;ap__grid-element ap__longtext row-start-5 row-end-9 row-end-sm-12 col-start-3 col-end-11&#8243; _builder_version=&#8220;4.9.1&#8243; _module_preset=&#8220;default&#8220;] Wer misst, erfasst die Welt! Messen ist heute eine... Artikel ansehen\" \/>\n<meta property=\"og:url\" content=\"https:\/\/www.grazmuseum.at\/antonpaar\/die-ausstellung\/\" \/>\n<meta property=\"og:site_name\" content=\"Anton Paar\" \/>\n<meta property=\"article:modified_time\" content=\"2022-04-13T11:12:36+00:00\" \/>\n<meta name=\"twitter:card\" content=\"summary_large_image\" \/>\n<meta name=\"twitter:label1\" content=\"Gesch\u00e4tzte Lesezeit\" \/>\n\t<meta name=\"twitter:data1\" content=\"2\u00a0Minuten\" \/>\n<script type=\"application\/ld+json\" class=\"yoast-schema-graph\">{\"@context\":\"https:\/\/schema.org\",\"@graph\":[{\"@type\":\"WebPage\",\"@id\":\"https:\/\/www.grazmuseum.at\/antonpaar\/die-ausstellung\/\",\"url\":\"https:\/\/www.grazmuseum.at\/antonpaar\/die-ausstellung\/\",\"name\":\"Die Ausstellung - Anton Paar\",\"isPartOf\":{\"@id\":\"https:\/\/www.grazmuseum.at\/antonpaar\/#website\"},\"datePublished\":\"2022-04-05T13:55:42+00:00\",\"dateModified\":\"2022-04-13T11:12:36+00:00\",\"breadcrumb\":{\"@id\":\"https:\/\/www.grazmuseum.at\/antonpaar\/die-ausstellung\/#breadcrumb\"},\"inLanguage\":\"de\",\"potentialAction\":[{\"@type\":\"ReadAction\",\"target\":[\"https:\/\/www.grazmuseum.at\/antonpaar\/die-ausstellung\/\"]}]},{\"@type\":\"BreadcrumbList\",\"@id\":\"https:\/\/www.grazmuseum.at\/antonpaar\/die-ausstellung\/#breadcrumb\",\"itemListElement\":[{\"@type\":\"ListItem\",\"position\":1,\"name\":\"Startseite\",\"item\":\"https:\/\/www.grazmuseum.at\/antonpaar\/\"},{\"@type\":\"ListItem\",\"position\":2,\"name\":\"Die Ausstellung\"}]},{\"@type\":\"WebSite\",\"@id\":\"https:\/\/www.grazmuseum.at\/antonpaar\/#website\",\"url\":\"https:\/\/www.grazmuseum.at\/antonpaar\/\",\"name\":\"Anton Paar\",\"description\":\"Eine weitere GrazMuseum Websites Website\",\"potentialAction\":[{\"@type\":\"SearchAction\",\"target\":{\"@type\":\"EntryPoint\",\"urlTemplate\":\"https:\/\/www.grazmuseum.at\/antonpaar\/?s={search_term_string}\"},\"query-input\":{\"@type\":\"PropertyValueSpecification\",\"valueRequired\":true,\"valueName\":\"search_term_string\"}}],\"inLanguage\":\"de\"}]}<\/script>\n<!-- \/ Yoast SEO plugin. -->","yoast_head_json":{"title":"Die Ausstellung - Anton Paar","robots":{"index":"index","follow":"follow","max-snippet":"max-snippet:-1","max-image-preview":"max-image-preview:large","max-video-preview":"max-video-preview:-1"},"canonical":"https:\/\/www.grazmuseum.at\/antonpaar\/die-ausstellung\/","og_locale":"de_DE","og_type":"article","og_title":"Die Ausstellung - Anton Paar","og_description":"[et_pb_section fb_built=&#8220;1&#8243; _builder_version=&#8220;4.9.1&#8243; _module_preset=&#8220;default&#8220;][et_pb_row _builder_version=&#8220;4.9.1&#8243; _module_preset=&#8220;default&#8220;][et_pb_column type=&#8220;4_4&#8243; _builder_version=&#8220;4.9.1&#8243; _module_preset=&#8220;default&#8220;][et_pb_image src=&#8220;https:\/\/www.grazmuseum.at\/antonpaar\/wp-content\/uploads\/sites\/5\/2022\/04\/07.02.22-Graz_Museum-Sackstrasse_60_c-Sebastian-Reiser-scaled.jpg&#8220; title_text=&#8220;07.02.22-Graz_Museum-Sackstrasse_60_(c)-Sebastian-Reiser&#8220; admin_label=&#8220;Headerbild&#8220; module_class=&#8220;ap__grid-element ap__hero row-start-1 row-end-5 row-end-sm-3 col-start-1 col-end-11&#8243; _builder_version=&#8220;4.9.1&#8243; _module_preset=&#8220;default&#8220;][\/et_pb_image][et_pb_text admin_label=&#8220;Header Die Ausstellung&#8220; module_class=&#8220;ap__grid-element ap__hero__h row-start-3 row-end-5 row-end-sm-4 col-start-2 col-end-8&#8243; _builder_version=&#8220;4.9.1&#8243; _module_preset=&#8220;default&#8220;] DieAusstellung [\/et_pb_text][et_pb_text admin_label=&#8220;Text Einleitung&#8220; module_class=&#8220;ap__grid-element ap__longtext row-start-5 row-end-9 row-end-sm-12 col-start-3 col-end-11&#8243; _builder_version=&#8220;4.9.1&#8243; _module_preset=&#8220;default&#8220;] Wer misst, erfasst die Welt! Messen ist heute eine... Artikel ansehen","og_url":"https:\/\/www.grazmuseum.at\/antonpaar\/die-ausstellung\/","og_site_name":"Anton Paar","article_modified_time":"2022-04-13T11:12:36+00:00","twitter_card":"summary_large_image","twitter_misc":{"Gesch\u00e4tzte Lesezeit":"2\u00a0Minuten"},"schema":{"@context":"https:\/\/schema.org","@graph":[{"@type":"WebPage","@id":"https:\/\/www.grazmuseum.at\/antonpaar\/die-ausstellung\/","url":"https:\/\/www.grazmuseum.at\/antonpaar\/die-ausstellung\/","name":"Die Ausstellung - Anton Paar","isPartOf":{"@id":"https:\/\/www.grazmuseum.at\/antonpaar\/#website"},"datePublished":"2022-04-05T13:55:42+00:00","dateModified":"2022-04-13T11:12:36+00:00","breadcrumb":{"@id":"https:\/\/www.grazmuseum.at\/antonpaar\/die-ausstellung\/#breadcrumb"},"inLanguage":"de","potentialAction":[{"@type":"ReadAction","target":["https:\/\/www.grazmuseum.at\/antonpaar\/die-ausstellung\/"]}]},{"@type":"BreadcrumbList","@id":"https:\/\/www.grazmuseum.at\/antonpaar\/die-ausstellung\/#breadcrumb","itemListElement":[{"@type":"ListItem","position":1,"name":"Startseite","item":"https:\/\/www.grazmuseum.at\/antonpaar\/"},{"@type":"ListItem","position":2,"name":"Die Ausstellung"}]},{"@type":"WebSite","@id":"https:\/\/www.grazmuseum.at\/antonpaar\/#website","url":"https:\/\/www.grazmuseum.at\/antonpaar\/","name":"Anton Paar","description":"Eine weitere GrazMuseum Websites Website","potentialAction":[{"@type":"SearchAction","target":{"@type":"EntryPoint","urlTemplate":"https:\/\/www.grazmuseum.at\/antonpaar\/?s={search_term_string}"},"query-input":{"@type":"PropertyValueSpecification","valueRequired":true,"valueName":"search_term_string"}}],"inLanguage":"de"}]}},"_links":{"self":[{"href":"https:\/\/www.grazmuseum.at\/antonpaar\/wp-json\/wp\/v2\/pages\/648","targetHints":{"allow":["GET"]}}],"collection":[{"href":"https:\/\/www.grazmuseum.at\/antonpaar\/wp-json\/wp\/v2\/pages"}],"about":[{"href":"https:\/\/www.grazmuseum.at\/antonpaar\/wp-json\/wp\/v2\/types\/page"}],"author":[{"embeddable":true,"href":"https:\/\/www.grazmuseum.at\/antonpaar\/wp-json\/wp\/v2\/users\/2"}],"replies":[{"embeddable":true,"href":"https:\/\/www.grazmuseum.at\/antonpaar\/wp-json\/wp\/v2\/comments?post=648"}],"version-history":[{"count":35,"href":"https:\/\/www.grazmuseum.at\/antonpaar\/wp-json\/wp\/v2\/pages\/648\/revisions"}],"predecessor-version":[{"id":753,"href":"https:\/\/www.grazmuseum.at\/antonpaar\/wp-json\/wp\/v2\/pages\/648\/revisions\/753"}],"wp:attachment":[{"href":"https:\/\/www.grazmuseum.at\/antonpaar\/wp-json\/wp\/v2\/media?parent=648"}],"curies":[{"name":"wp","href":"https:\/\/api.w.org\/{rel}","templated":true}]}}